{"id":10834,"date":"2019-03-21T09:38:07","date_gmt":"2019-03-21T08:38:07","guid":{"rendered":"https:\/\/comsentido.es\/marketing-digital\/social-media-marketing-community-manager\/"},"modified":"2025-03-28T13:54:04","modified_gmt":"2025-03-28T12:54:04","slug":"social-media-marketing-community-manager","status":"publish","type":"page","link":"https:\/\/comsentido.es\/en\/marketing-digital\/social-media-marketing-community-manager\/","title":{"rendered":"Social media marketing"},"content":{"rendered":"<p>[et_pb_section fb_built=&#8221;1&#8243; _builder_version=&#8221;4.16&#8243; _module_preset=&#8221;default&#8221; background_image=&#8221;https:\/\/comsentido.es\/wp-content\/uploads\/2021\/05\/EVENTOS_Mesa-de-trabajo-1-copia-13.png&#8221; custom_padding=&#8221;30px||30px||true|&#8221; global_colors_info=&#8221;{}&#8221;][et_pb_row _builder_version=&#8221;4.16&#8243; _module_preset=&#8221;default&#8221; custom_padding=&#8221;||5px|||&#8221; global_colors_info=&#8221;{}&#8221;][et_pb_column type=&#8221;4_4&#8243; _builder_version=&#8221;4.16&#8243; _module_preset=&#8221;default&#8221; global_colors_info=&#8221;{}&#8221;][et_pb_text _builder_version=&#8221;4.16&#8243; _module_preset=&#8221;default&#8221; text_font=&#8221;Poppins||||||||&#8221; text_text_color=&#8221;#8F0033&#8243; text_font_size=&#8221;30px&#8221; header_font_size=&#8221;40px&#8221; global_colors_info=&#8221;{}&#8221;]<\/p>\n<h1 aria-level=\"1\" style=\"text-align: center;\"><b><span data-contrast=\"none\">Social media marketing<\/span><\/b><\/h1>\n<p>[\/et_pb_text][\/et_pb_column][\/et_pb_row][et_pb_row _builder_version=&#8221;4.16&#8243; _module_preset=&#8221;default&#8221; custom_margin=&#8221;-2px|auto|26px|auto||&#8221; custom_padding=&#8221;12px|||||&#8221; global_colors_info=&#8221;{}&#8221;][et_pb_column type=&#8221;4_4&#8243; _builder_version=&#8221;4.16&#8243; _module_preset=&#8221;default&#8221; global_colors_info=&#8221;{}&#8221;][et_pb_text _builder_version=&#8221;4.16&#8243; _module_preset=&#8221;default&#8221; text_font=&#8221;Poppins|300|||||||&#8221; text_text_color=&#8221;#0A6C7C&#8221; text_font_size=&#8221;19px&#8221; text_line_height=&#8221;1.4em&#8221; header_font=&#8221;Poppins||||||||&#8221; header_2_text_color=&#8221;#07294C&#8221; header_2_font_size=&#8221;30px&#8221; header_3_font=&#8221;Poppins|300|||||||&#8221; header_3_text_color=&#8221;#07294C&#8221; header_3_font_size=&#8221;24px&#8221; header_3_line_height=&#8221;1.2em&#8221; global_colors_info=&#8221;{}&#8221;]<\/p>\n<h2 style=\"text-align: center;\"><strong>Attract new customers and build customer loyalty through your social media channels<\/strong><\/h2>\n<h3 style=\"text-align: center;\">We help you to ensure that your social networks have quality content and make an impact. And for your regular publications to help you get loyal followers in love with your brand or business.<\/h3>\n<p>[\/et_pb_text][\/et_pb_column][\/et_pb_row][\/et_pb_section][et_pb_section fb_built=&#8221;1&#8243; _builder_version=&#8221;4.16&#8243; _module_preset=&#8221;default&#8221; custom_padding=&#8221;26px||26px||true|&#8221; global_colors_info=&#8221;{}&#8221;][et_pb_row column_structure=&#8221;1_4,1_4,1_4,1_4&#8243; _builder_version=&#8221;4.18.0&#8243; _module_preset=&#8221;default&#8221; custom_padding=&#8221;||0px|||&#8221; global_colors_info=&#8221;{}&#8221;][et_pb_column type=&#8221;1_4&#8243; _builder_version=&#8221;4.16&#8243; _module_preset=&#8221;default&#8221; global_colors_info=&#8221;{}&#8221;][et_pb_text _builder_version=&#8221;4.27.4&#8243; _module_preset=&#8221;default&#8221; text_font=&#8221;Poppins||||||||&#8221; text_text_color=&#8221;#07294C&#8221; text_font_size=&#8221;15px&#8221; text_orientation=&#8221;center&#8221; hover_enabled=&#8221;0&#8243; global_colors_info=&#8221;{}&#8221; sticky_enabled=&#8221;0&#8243;]<\/p>\n<p>Not sure which social networks to choose for your brand?<\/p>\n<p>[\/et_pb_text][\/et_pb_column][et_pb_column type=&#8221;1_4&#8243; _builder_version=&#8221;4.16&#8243; _module_preset=&#8221;default&#8221; global_colors_info=&#8221;{}&#8221;][et_pb_text _builder_version=&#8221;4.27.4&#8243; _module_preset=&#8221;default&#8221; text_font=&#8221;Poppins||||||||&#8221; text_text_color=&#8221;#07294C&#8221; text_font_size=&#8221;15px&#8221; hover_enabled=&#8221;0&#8243; global_colors_info=&#8221;{}&#8221; sticky_enabled=&#8221;0&#8243;]<\/p>\n<p style=\"text-align: center;\">Don&#8217;t have time to publish?<\/p>\n<p>[\/et_pb_text][\/et_pb_column][et_pb_column type=&#8221;1_4&#8243; _builder_version=&#8221;4.16&#8243; _module_preset=&#8221;default&#8221; global_colors_info=&#8221;{}&#8221;][et_pb_text _builder_version=&#8221;4.27.4&#8243; _module_preset=&#8221;default&#8221; text_font=&#8221;Poppins||||||||&#8221; text_text_color=&#8221;#07294C&#8221; text_font_size=&#8221;15px&#8221; custom_margin=&#8221;-1px|||||&#8221; hover_enabled=&#8221;0&#8243; global_colors_info=&#8221;{}&#8221; sticky_enabled=&#8221;0&#8243;]<\/p>\n<p style=\"text-align: center;\">No new ideas for your posts?<\/p>\n<p>[\/et_pb_text][\/et_pb_column][et_pb_column type=&#8221;1_4&#8243; _builder_version=&#8221;4.16&#8243; _module_preset=&#8221;default&#8221; global_colors_info=&#8221;{}&#8221;][et_pb_text _builder_version=&#8221;4.27.4&#8243; _module_preset=&#8221;default&#8221; text_font=&#8221;Poppins||||||||&#8221; text_text_color=&#8221;#07294C&#8221; text_font_size=&#8221;15px&#8221; custom_margin=&#8221;-1px|||||&#8221; hover_enabled=&#8221;0&#8243; global_colors_info=&#8221;{}&#8221; sticky_enabled=&#8221;0&#8243;]<\/p>\n<p style=\"text-align: center;\">Are your RRSRs stagnating and no longer growing organically?<\/p>\n<p>[\/et_pb_text][\/et_pb_column][\/et_pb_row][et_pb_row _builder_version=&#8221;4.16&#8243; _module_preset=&#8221;default&#8221; global_colors_info=&#8221;{}&#8221;][et_pb_column type=&#8221;4_4&#8243; _builder_version=&#8221;4.16&#8243; _module_preset=&#8221;default&#8221; global_colors_info=&#8221;{}&#8221;][et_pb_text _builder_version=&#8221;4.18.0&#8243; _module_preset=&#8221;default&#8221; text_font=&#8221;Poppins||||||||&#8221; text_text_color=&#8221;#07294C&#8221; text_font_size=&#8221;20px&#8221; text_line_height=&#8221;1.4em&#8221; custom_margin=&#8221;-10px|||||&#8221; global_colors_info=&#8221;{}&#8221;]<\/p>\n<p style=\"text-align: center;\">If the answer to any of these questions is: Exactly, that&#8217;s my problem! Don&#8217;t worry because<\/p>\n<p style=\"text-align: center;\"><strong>you&#8217;re in luck!<\/strong><\/p>\n<p style=\"text-align: center;\"><strong>We will help you so that social media is no longer a burden for you.<\/strong> We will create a content strategy to help you achieve the goals you&#8217;ve been setting yourself for a long time. How? <strong>We have different services for you, depending on your goals, needs, and budget.<\/strong><\/p>\n<p style=\"text-align: center;\">\n<p>[\/et_pb_text][\/et_pb_column][\/et_pb_row][\/et_pb_section][et_pb_section fb_built=&#8221;1&#8243; _builder_version=&#8221;4.16&#8243; _module_preset=&#8221;default&#8221; background_color=&#8221;#E7E0D6&#8243; background_image=&#8221;https:\/\/comsentido.es\/wp-content\/uploads\/2021\/05\/COMSENTIDOEVENTOS-59.png&#8221; custom_padding=&#8221;||43px|||&#8221; global_colors_info=&#8221;{}&#8221;][et_pb_row _builder_version=&#8221;4.16&#8243; _module_preset=&#8221;default&#8221; global_colors_info=&#8221;{}&#8221;][et_pb_column type=&#8221;4_4&#8243; _builder_version=&#8221;4.16&#8243; _module_preset=&#8221;default&#8221; global_colors_info=&#8221;{}&#8221;][et_pb_text _builder_version=&#8221;4.16&#8243; _module_preset=&#8221;default&#8221; text_font=&#8221;Poppins||||||||&#8221; text_text_color=&#8221;#8F0033&#8243; text_font_size=&#8221;22px&#8221; header_2_font_size=&#8221;28px&#8221; header_2_line_height=&#8221;1.2em&#8221; global_colors_info=&#8221;{}&#8221;]<\/p>\n<h2 style=\"text-align: center;\"><strong>How can we help you manage your social media to increase your brand&#8217;s visibility?<\/strong><\/h2>\n<p>[\/et_pb_text][\/et_pb_column][\/et_pb_row][et_pb_row column_structure=&#8221;1_3,1_3,1_3&#8243; _builder_version=&#8221;4.16&#8243; _module_preset=&#8221;default&#8221; global_colors_info=&#8221;{}&#8221;][et_pb_column type=&#8221;1_3&#8243; _builder_version=&#8221;4.16&#8243; _module_preset=&#8221;default&#8221; global_colors_info=&#8221;{}&#8221;][et_pb_text _builder_version=&#8221;4.23.1&#8243; _module_preset=&#8221;default&#8221; text_font_size=&#8221;18px&#8221; header_3_text_align=&#8221;center&#8221; header_3_text_color=&#8221;#0A6C7C&#8221; link_option_url=&#8221;https:\/\/comsentido.es\/marketing-digital\/social-media-marketing-community-manager\/#socialmedia&#8221; global_colors_info=&#8221;{}&#8221;]<\/p>\n<h3><strong>Social media audit + social media strategy<\/strong><\/h3>\n<p style=\"text-align: center;\"><strong>From 210\u20ac+VAT<\/strong><\/p>\n<p>[\/et_pb_text][et_pb_image src=&#8221;https:\/\/comsentido.es\/wp-content\/uploads\/2021\/05\/auditoria-social-media-estrategia-rrss_CoMsentido.png&#8221; alt=&#8221;auditor\u00eda-social-media+-estrategia-rrss_CoMsentido&#8221; title_text=&#8221;auditor\u00eda-social-media+-estrategia-rrss_CoMsentido&#8221; url=&#8221;https:\/\/comsentido.es\/marketing-digital\/social-media-marketing-community-manager\/#socialmedia&#8221; _builder_version=&#8221;4.18.0&#8243; _module_preset=&#8221;default&#8221; global_colors_info=&#8221;{}&#8221;][\/et_pb_image][\/et_pb_column][et_pb_column type=&#8221;1_3&#8243; _builder_version=&#8221;4.16&#8243; _module_preset=&#8221;default&#8221; global_colors_info=&#8221;{}&#8221;][et_pb_text _builder_version=&#8221;4.27.4&#8243; _module_preset=&#8221;default&#8221; text_font_size=&#8221;18px&#8221; header_3_text_align=&#8221;center&#8221; header_3_text_color=&#8221;#0A6C7C&#8221; link_option_url=&#8221;https:\/\/comsentido.es\/marketing-digital\/social-media-marketing-community-manager\/#creaci\u00f3n&#8221; hover_enabled=&#8221;0&#8243; global_colors_info=&#8221;{}&#8221; sticky_enabled=&#8221;0&#8243;]<\/p>\n<h3><strong>Content creation for social media<\/strong><\/h3>\n<p style=\"text-align: center;\"><strong>From 220\u20ac+VAT<\/strong><\/p>\n<p>[\/et_pb_text][et_pb_image src=&#8221;https:\/\/comsentido.es\/wp-content\/uploads\/2021\/05\/creacion-de-contenidos-rrss_CoMsentido.png&#8221; alt=&#8221;creaci\u00f3n-de-contenidos-rrss_CoMsentido&#8221; title_text=&#8221;creaci\u00f3n-de-contenidos-rrss_CoMsentido&#8221; url=&#8221;https:\/\/comsentido.es\/marketing-digital\/social-media-marketing-community-manager\/#creaci\u00f3n&#8221; _builder_version=&#8221;4.16&#8243; _module_preset=&#8221;default&#8221; global_colors_info=&#8221;{}&#8221;][\/et_pb_image][\/et_pb_column][et_pb_column type=&#8221;1_3&#8243; _builder_version=&#8221;4.16&#8243; _module_preset=&#8221;default&#8221; global_colors_info=&#8221;{}&#8221;][et_pb_text _builder_version=&#8221;4.27.4&#8243; _module_preset=&#8221;default&#8221; text_font_size=&#8221;18px&#8221; header_3_text_align=&#8221;center&#8221; header_3_text_color=&#8221;#0A6C7C&#8221; link_option_url=&#8221;https:\/\/comsentido.es\/marketing-digital\/social-media-marketing-community-manager\/#community&#8221; hover_enabled=&#8221;0&#8243; global_colors_info=&#8221;{}&#8221; sticky_enabled=&#8221;0&#8243;]<\/p>\n<h3><strong>Social media management or community manager<\/strong><\/h3>\n<p style=\"text-align: center;\"><strong>From 350\u20ac+VAT\/month<\/strong><\/p>\n<p>[\/et_pb_text][et_pb_image src=&#8221;https:\/\/comsentido.es\/wp-content\/uploads\/2021\/05\/gestiom-redes-sociales-community-manager_CoMsentido.png&#8221; alt=&#8221;gesti\u00f3m-redes-sociales-community-manager_CoMsentido&#8221; title_text=&#8221;gesti\u00f3m-redes-sociales-community-manager_CoMsentido&#8221; url=&#8221;https:\/\/comsentido.es\/marketing-digital\/social-media-marketing-community-manager\/#community&#8221; _builder_version=&#8221;4.16&#8243; _module_preset=&#8221;default&#8221; global_colors_info=&#8221;{}&#8221;][\/et_pb_image][\/et_pb_column][\/et_pb_row][et_pb_row column_structure=&#8221;1_3,1_3,1_3&#8243; _builder_version=&#8221;4.16&#8243; _module_preset=&#8221;default&#8221; global_colors_info=&#8221;{}&#8221;][et_pb_column type=&#8221;1_3&#8243; _builder_version=&#8221;4.16&#8243; _module_preset=&#8221;default&#8221; global_colors_info=&#8221;{}&#8221;][et_pb_text _builder_version=&#8221;4.23.1&#8243; _module_preset=&#8221;default&#8221; text_font_size=&#8221;18px&#8221; header_3_text_align=&#8221;center&#8221; header_3_text_color=&#8221;#0A6C7C&#8221; link_option_url=&#8221;https:\/\/comsentido.es\/marketing-digital\/social-media-marketing-community-manager\/#influencer&#8221; global_colors_info=&#8221;{}&#8221;]<\/p>\n<h3><strong>Marketing and collaboration with influencers<\/strong><\/h3>\n<p style=\"text-align: center;\"><strong>From 320\u20ac+VAT<\/strong><\/p>\n<p>[\/et_pb_text][et_pb_image src=&#8221;https:\/\/comsentido.es\/wp-content\/uploads\/2021\/05\/influencer_marketing_comsentido.png&#8221; alt=&#8221;influencer_marketing_comsentido&#8221; title_text=&#8221;influencer_marketing_comsentido&#8221; url=&#8221;https:\/\/comsentido.es\/marketing-digital\/social-media-marketing-community-manager\/#influencer&#8221; _builder_version=&#8221;4.16&#8243; _module_preset=&#8221;default&#8221; global_colors_info=&#8221;{}&#8221;][\/et_pb_image][\/et_pb_column][et_pb_column type=&#8221;1_3&#8243; _builder_version=&#8221;4.16&#8243; _module_preset=&#8221;default&#8221; global_colors_info=&#8221;{}&#8221;][et_pb_text _builder_version=&#8221;4.23.1&#8243; _module_preset=&#8221;default&#8221; text_font_size=&#8221;18px&#8221; header_3_text_align=&#8221;center&#8221; header_3_text_color=&#8221;#0A6C7C&#8221; link_option_url=&#8221;https:\/\/comsentido.es\/marketing-digital\/social-media-marketing-community-manager\/#ads&#8221; global_colors_info=&#8221;{}&#8221;]<\/p>\n<h3><strong>Campa\u00f1as de social ads o publicidad online para RRSS<\/strong><\/h3>\n<p style=\"text-align: center;\"><strong>Desde 410\u20ac+VAT<\/strong><\/p>\n<p>[\/et_pb_text][et_pb_image src=&#8221;https:\/\/comsentido.es\/wp-content\/uploads\/2021\/05\/campana-social-ads_comsentido.png&#8221; alt=&#8221;campa\u00f1a-social-ads_comsentido&#8221; title_text=&#8221;campa\u00f1a-social-ads_comsentido&#8221; url=&#8221;https:\/\/comsentido.es\/marketing-digital\/social-media-marketing-community-manager\/#ads&#8221; _builder_version=&#8221;4.16&#8243; _module_preset=&#8221;default&#8221; global_colors_info=&#8221;{}&#8221;][\/et_pb_image][\/et_pb_column][et_pb_column type=&#8221;1_3&#8243; _builder_version=&#8221;4.16&#8243; _module_preset=&#8221;default&#8221; global_colors_info=&#8221;{}&#8221;][\/et_pb_column][\/et_pb_row][\/et_pb_section][et_pb_section fb_built=&#8221;1&#8243; module_id=&#8221;socialmedia&#8221; module_class=&#8221;socialmedia&#8221; _builder_version=&#8221;4.16&#8243; _module_preset=&#8221;default&#8221; background_image=&#8221;https:\/\/comsentido.es\/wp-content\/uploads\/2021\/05\/fondos_comsentido_web-3.png&#8221; custom_margin=&#8221;-9px|||||&#8221; custom_padding=&#8221;36px||36px||true|&#8221; global_colors_info=&#8221;{}&#8221;][et_pb_row _builder_version=&#8221;4.16&#8243; _module_preset=&#8221;default&#8221; min_height=&#8221;174px&#8221; custom_margin=&#8221;|auto|-11px|auto||&#8221; custom_padding=&#8221;||5px|||&#8221; global_colors_info=&#8221;{}&#8221;][et_pb_column type=&#8221;4_4&#8243; _builder_version=&#8221;4.16&#8243; _module_preset=&#8221;default&#8221; global_colors_info=&#8221;{}&#8221;][et_pb_text _builder_version=&#8221;4.16&#8243; _module_preset=&#8221;default&#8221; text_font=&#8221;Poppins|300|||||||&#8221; text_font_size=&#8221;16px&#8221; header_2_font_size=&#8221;28px&#8221; header_3_text_color=&#8221;#0A6C7C&#8221; header_5_text_color=&#8221;#0A6C7C&#8221; custom_margin=&#8221;||4px|||&#8221; global_colors_info=&#8221;{}&#8221;]<\/p>\n<h2><strong>Social media audit + social media strategy<\/strong><\/h2>\n<h5><strong>From 210\u20ac+VAT<\/strong><\/h5>\n<p><strong>Do you want to start working on your brand&#8217;s social media? Do you want us to review how you are currently managing social media?<\/strong><\/p>\n<p>[\/et_pb_text][\/et_pb_column][\/et_pb_row][et_pb_row column_structure=&#8221;1_2,1_2&#8243; _builder_version=&#8221;4.16&#8243; _module_preset=&#8221;default&#8221; custom_margin=&#8221;1px|auto||auto||&#8221; custom_padding=&#8221;9px|||||&#8221; global_colors_info=&#8221;{}&#8221;][et_pb_column type=&#8221;1_2&#8243; _builder_version=&#8221;4.16&#8243; _module_preset=&#8221;default&#8221; global_colors_info=&#8221;{}&#8221;][et_pb_text _builder_version=&#8221;4.27.4&#8243; _module_preset=&#8221;default&#8221; text_font=&#8221;Poppins|300|||||||&#8221; text_font_size=&#8221;16px&#8221; header_2_font_size=&#8221;28px&#8221; header_3_text_color=&#8221;#0A6C7C&#8221; header_5_text_color=&#8221;#0A6C7C&#8221; custom_margin=&#8221;-9px|||||&#8221; hover_enabled=&#8221;0&#8243; global_colors_info=&#8221;{}&#8221; sticky_enabled=&#8221;0&#8243;]<\/p>\n<div class=\"et_pb_text_inner\">\n<div data-shortcode-id=\"3.0.0.0-1620640435304\" data-quickaccess-editable=\"yes\" class=\"et-fb-popover-tinymce\">\n<div class=\"mce-content-body\" contenteditable=\"true\" style=\"position: relative;\">\n<p><span style=\"font-size: 16px;\">You can hire a social media audit or Social Media audit if you want us to <strong>review your current work in social media to optimise it and to professionalise this communication channel<\/strong> that brings you closer to your customers.<\/span><\/p>\n<p><span style=\"font-size: 16px;\">This service is ideal for you if you are just starting out with your online business or brand, or if you have been working on your social media for a while, but are not getting the expected results.<\/span><\/p>\n<p><span style=\"font-size: 16px;\"><\/span><\/p>\n<\/div>\n<\/div>\n<\/div>\n<h4><strong>What do we do in the social media audit?<\/strong><\/h4>\n<ul>\n<li>Internal audit of your current SSNs (maximum 3 different networks)<\/li>\n<li>Defining your ideal customer and market niche<\/li>\n<li>Creation of a mini brand strategy on social media<\/li>\n<li>Setting SMART objectives for your business<\/li>\n<li>Audience analysis and type of followers<\/li>\n<li>Thematic content proposal<\/li>\n<li>Delivery of hashtags package for your brand<\/li>\n<li>Publication schedule<\/li>\n<\/ul>\n<p>[\/et_pb_text][\/et_pb_column][et_pb_column type=&#8221;1_2&#8243; _builder_version=&#8221;4.16&#8243; _module_preset=&#8221;default&#8221; global_colors_info=&#8221;{}&#8221;][et_pb_image src=&#8221;https:\/\/comsentido.es\/wp-content\/uploads\/2021\/05\/auditoria-social-media-estrategia-rrss_CoMsentido.png&#8221; alt=&#8221;auditor\u00eda-social-media+-estrategia-rrss_CoMsentido&#8221; title_text=&#8221;auditor\u00eda-social-media+-estrategia-rrss_CoMsentido&#8221; _builder_version=&#8221;4.16&#8243; _module_preset=&#8221;default&#8221; global_colors_info=&#8221;{}&#8221;][\/et_pb_image][\/et_pb_column][\/et_pb_row][\/et_pb_section][et_pb_section fb_built=&#8221;1&#8243; module_id=&#8221;community&#8221; module_class=&#8221;community&#8221; _builder_version=&#8221;4.16&#8243; _module_preset=&#8221;default&#8221; background_color=&#8221;#E7E0D6&#8243; background_image=&#8221;https:\/\/comsentido.es\/wp-content\/uploads\/2021\/05\/RESTILING-WEB-COMSenTIDO-60.png&#8221; custom_padding=&#8221;29px||30px|||&#8221; global_colors_info=&#8221;{}&#8221;][et_pb_row _builder_version=&#8221;4.16&#8243; _module_preset=&#8221;default&#8221; global_colors_info=&#8221;{}&#8221;][et_pb_column type=&#8221;4_4&#8243; _builder_version=&#8221;4.16&#8243; _module_preset=&#8221;default&#8221; global_colors_info=&#8221;{}&#8221;][et_pb_text _builder_version=&#8221;4.16&#8243; _module_preset=&#8221;default&#8221; text_font=&#8221;Poppins|300|||||||&#8221; text_font_size=&#8221;16px&#8221; header_2_font_size=&#8221;28px&#8221; header_3_text_color=&#8221;#0A6C7C&#8221; header_5_text_color=&#8221;#0A6C7C&#8221; global_colors_info=&#8221;{}&#8221;]<\/p>\n<h2><strong>Social media management or community manager<\/strong><\/h2>\n<h5><strong>From 350\u20ac+VAT<\/strong><\/h5>\n<p><strong>Do you need to get results on social media?<\/strong> Do you feel you are stagnating and not seeing much growth, do you lack continuity, because you lack time or ideas to create content?<\/p>\n<p><strong>At CoMsentido we become your community manager.<\/strong> You will have at your disposal a team specialised in social networks that will take care of your brand while you dedicate your time to what really matters, your business.<\/p>\n<p>But let&#8217;s be frank. In order for us to manage your Social Networks in an optimal way, you can&#8217;t be totally carefree, as we will need you to keep us up to date about your business, about new products or services\u2026 and share with us information and graphic material\u2026<strong> In this way, we will be able to transmit 100% your essence in Social Networks!<\/strong><\/p>\n<p>[\/et_pb_text][et_pb_text _builder_version=&#8221;4.27.4&#8243; _module_preset=&#8221;default&#8221; text_font=&#8221;Poppins|300|||||||&#8221; text_font_size=&#8221;16px&#8221; header_2_font_size=&#8221;28px&#8221; header_3_text_color=&#8221;#0A6C7C&#8221; header_5_text_color=&#8221;#0A6C7C&#8221; hover_enabled=&#8221;0&#8243; global_colors_info=&#8221;{}&#8221; sticky_enabled=&#8221;0&#8243;]<\/p>\n<h4><strong>How do we work by becoming your external community manager?<\/strong><\/h4>\n<p>The first step for us to take care of your social networks is to start by hiring a Social Media audit. This way, we will thoroughly <strong>analyse your business and propose the best strategy for you. <\/strong><\/p>\n<p>Once we have audited your social media and your strategy we will <strong>offer you the best plan for your brand and adjusted to your budget<\/strong>, and if you think it&#8217;s right, we will start giving visibility to your brand on social media!<\/p>\n<p>[\/et_pb_text][\/et_pb_column][\/et_pb_row][et_pb_row column_structure=&#8221;2_5,3_5&#8243; _builder_version=&#8221;4.16&#8243; _module_preset=&#8221;default&#8221; global_colors_info=&#8221;{}&#8221;][et_pb_column type=&#8221;2_5&#8243; _builder_version=&#8221;4.16&#8243; _module_preset=&#8221;default&#8221; global_colors_info=&#8221;{}&#8221;][et_pb_image src=&#8221;https:\/\/comsentido.es\/wp-content\/uploads\/2021\/05\/gestiom-redes-sociales-community-manager_CoMsentido.png&#8221; alt=&#8221;gesti\u00f3m-redes-sociales-community-manager_CoMsentido&#8221; title_text=&#8221;gesti\u00f3m-redes-sociales-community-manager_CoMsentido&#8221; _builder_version=&#8221;4.16&#8243; _module_preset=&#8221;default&#8221; global_colors_info=&#8221;{}&#8221;][\/et_pb_image][\/et_pb_column][et_pb_column type=&#8221;3_5&#8243; _builder_version=&#8221;4.16&#8243; _module_preset=&#8221;default&#8221; global_colors_info=&#8221;{}&#8221;][et_pb_text _builder_version=&#8221;4.27.4&#8243; _module_preset=&#8221;default&#8221; text_font=&#8221;Poppins|300|||||||&#8221; text_font_size=&#8221;16px&#8221; header_2_font_size=&#8221;28px&#8221; header_3_text_color=&#8221;#0A6C7C&#8221; header_5_text_color=&#8221;#0A6C7C&#8221; hover_enabled=&#8221;0&#8243; global_colors_info=&#8221;{}&#8221; sticky_enabled=&#8221;0&#8243;]<\/p>\n<ul>\n<li><strong>We meet once a month<\/strong> and give us feedback about your business. This meeting can be by phone, Zoom or email, whichever is more convenient for you.<\/li>\n<li>We create an <strong>editorial calendar<\/strong> aligned to your business, but also to current trends.<\/li>\n<li><strong>We write the content, design the publications, find the strategic hashtags<\/strong> for each publication and\u2026 we share it with you!<\/li>\n<li>Once all the content has been approved, we take care of <strong>programming on social media<\/strong> at the time with the best audience.<\/li>\n<li>We <strong>interact<\/strong> daily on RRSS, we answer comments, we publish stories on your profiles\u2026<\/li>\n<li>In addition, we can add all the<strong> extra services you need<\/strong>, such as sweepstakes management, collaborations with influencers, social media campaigns, community building, etc.<\/li>\n<\/ul>\n<h3>Shall we start working on your social media?<\/h3>\n<p>[\/et_pb_text][\/et_pb_column][\/et_pb_row][\/et_pb_section][et_pb_section fb_built=&#8221;1&#8243; module_id=&#8221;creaci\u00f3n&#8221; module_class=&#8221;creaci\u00f3n&#8221; _builder_version=&#8221;4.16&#8243; _module_preset=&#8221;default&#8221; background_image=&#8221;https:\/\/comsentido.es\/wp-content\/uploads\/2021\/05\/fondos_comsentido_web-3.png&#8221; custom_padding=&#8221;36px||36px||true|&#8221; global_colors_info=&#8221;{}&#8221;][et_pb_row _builder_version=&#8221;4.27.4&#8243; _module_preset=&#8221;default&#8221; min_height=&#8221;174px&#8221; hover_enabled=&#8221;0&#8243; global_colors_info=&#8221;{}&#8221; sticky_enabled=&#8221;0&#8243;][et_pb_column type=&#8221;4_4&#8243; _builder_version=&#8221;4.16&#8243; _module_preset=&#8221;default&#8221; global_colors_info=&#8221;{}&#8221;][et_pb_text _builder_version=&#8221;4.18.0&#8243; _module_preset=&#8221;default&#8221; text_font=&#8221;Poppins|300|||||||&#8221; text_font_size=&#8221;16px&#8221; header_2_font_size=&#8221;28px&#8221; header_3_text_color=&#8221;#0A6C7C&#8221; header_5_text_color=&#8221;#0A6C7C&#8221; global_colors_info=&#8221;{}&#8221;]<\/p>\n<h2><strong>Content creation for social media<\/strong><\/h2>\n<h5><strong>From 220\u20ac+VAT<\/strong><\/h5>\n<p><strong>Do you want to take care of your brand\u2019s social media yourself but don\u2019t know what to publish?<\/strong> Do you have clear texts, but you need publications that represent your brand 100% and designed by professionals?<\/p>\n<p><span data-contrast=\"auto\">We know that <strong>completely delegating your social media management to someone outside your organization can be a little daunting, and it may not be due to a lack of training.<\/strong> At CoMsentido we like to adapt to our customers, to you, and that&#8217;s why we offer social media content creation, whatever your needs.<\/span><\/p>\n<p>[\/et_pb_text][\/et_pb_column][\/et_pb_row][et_pb_row column_structure=&#8221;3_5,2_5&#8243; _builder_version=&#8221;4.18.0&#8243; _module_preset=&#8221;default&#8221; custom_margin=&#8221;-7px|auto||auto||&#8221; custom_padding=&#8221;6px|||||&#8221; global_colors_info=&#8221;{}&#8221;][et_pb_column type=&#8221;3_5&#8243; _builder_version=&#8221;4.16&#8243; _module_preset=&#8221;default&#8221; global_colors_info=&#8221;{}&#8221;][et_pb_text _builder_version=&#8221;4.18.0&#8243; _module_preset=&#8221;default&#8221; text_font=&#8221;Poppins|300|||||||&#8221; text_font_size=&#8221;16px&#8221; header_2_font_size=&#8221;28px&#8221; header_3_text_color=&#8221;#0A6C7C&#8221; header_5_text_color=&#8221;#0A6C7C&#8221; global_colors_info=&#8221;{}&#8221;]<\/p>\n<p><span data-contrast=\"auto\">Are you great at writing text but weak at post design? <strong>We can design templates for your Instagram feed, <\/strong>or\u00a0we take care of creating original and fresh designs for your monthly publications.<\/span><br \/><span data-ccp-props=\"{&quot;201341983&quot;:0,&quot;335559739&quot;:160,&quot;335559740&quot;:259}\"><\/span><\/p>\n<p><span data-contrast=\"auto\">Do you have great photos or posts, but don\u2019t know what to write? We&#8217;ll take care of <strong>writing texts to accompany your posts and capture your audience&#8217;s attention.<\/strong><\/span><\/p>\n<p>Do you love writing and designing, but are short on ideas? We&#8217;ll create your customized monthly editorial calendar and deliver all the topics according to your publishing schedule.<\/p>\n<p>Just want to make sure everything&#8217;s just right? We&#8217;ll<strong> review and correct your texts<\/strong>, provide feedback on your designs, and optimize hashtags to boost your online visibility.<\/p>\n<p><strong>Do you like any of these options? We know, so we&#8217;ve prepared this new service for you.<\/strong><\/p>\n<p>[\/et_pb_text][\/et_pb_column][et_pb_column type=&#8221;2_5&#8243; _builder_version=&#8221;4.16&#8243; _module_preset=&#8221;default&#8221; global_colors_info=&#8221;{}&#8221;][et_pb_image src=&#8221;https:\/\/comsentido.es\/wp-content\/uploads\/2021\/05\/creacion-de-contenidos-rrss_CoMsentido.png&#8221; title_text=&#8221;creaci\u00f3n-de-contenidos-rrss_CoMsentido&#8221; _builder_version=&#8221;4.18.0&#8243; _module_preset=&#8221;default&#8221; global_colors_info=&#8221;{}&#8221;][\/et_pb_image][\/et_pb_column][\/et_pb_row][\/et_pb_section][et_pb_section fb_built=&#8221;1&#8243; module_id=&#8221;ads&#8221; module_class=&#8221;ads&#8221; _builder_version=&#8221;4.18.0&#8243; _module_preset=&#8221;default&#8221; background_color=&#8221;#E7E0D6&#8243; background_image=&#8221;https:\/\/comsentido.es\/wp-content\/uploads\/2021\/05\/RESTILING-WEB-COMSenTIDO-60.png&#8221; custom_padding=&#8221;29px||44px|||&#8221; global_colors_info=&#8221;{}&#8221;][et_pb_row _builder_version=&#8221;4.16&#8243; _module_preset=&#8221;default&#8221; global_colors_info=&#8221;{}&#8221;][et_pb_column type=&#8221;4_4&#8243; _builder_version=&#8221;4.16&#8243; _module_preset=&#8221;default&#8221; global_colors_info=&#8221;{}&#8221;][et_pb_text _builder_version=&#8221;4.18.0&#8243; _module_preset=&#8221;default&#8221; text_font=&#8221;Poppins|300|||||||&#8221; text_font_size=&#8221;16px&#8221; header_2_font_size=&#8221;28px&#8221; header_3_text_color=&#8221;#0A6C7C&#8221; header_5_text_color=&#8221;#0A6C7C&#8221; global_colors_info=&#8221;{}&#8221;]<\/p>\n<h2><strong>Social ads campaigns or online advertising for social networks<\/strong><\/h2>\n<h5><strong>From 410\u20ac+VAT<\/strong><\/h5>\n<p>Social media advertising, or social ads on platforms like Facebook Ads, Instagram Ads, YouTube Ads, TikTok, Twitter Ads, Pinterest Ads, or LinkedIn Ads, are key for <strong>small and large brands to achieve greater visibility and reach more people.<\/strong><\/p>\n<p><strong>What are social media advertising campaigns for?<\/strong> They help you gain visibility and achieve your brand&#8217;s goals in the shortest possible time.<\/p>\n<p>[\/et_pb_text][\/et_pb_column][\/et_pb_row][et_pb_row column_structure=&#8221;2_5,3_5&#8243; _builder_version=&#8221;4.18.0&#8243; _module_preset=&#8221;default&#8221; custom_padding=&#8221;4px|||||&#8221; global_colors_info=&#8221;{}&#8221;][et_pb_column type=&#8221;2_5&#8243; _builder_version=&#8221;4.16&#8243; _module_preset=&#8221;default&#8221; global_colors_info=&#8221;{}&#8221;][et_pb_image src=&#8221;https:\/\/comsentido.es\/wp-content\/uploads\/2021\/05\/campana-social-ads_comsentido.png&#8221; alt=&#8221;campa\u00f1a-social-ads_comsentido&#8221; title_text=&#8221;campa\u00f1a-social-ads_comsentido&#8221; _builder_version=&#8221;4.16&#8243; _module_preset=&#8221;default&#8221; global_colors_info=&#8221;{}&#8221;][\/et_pb_image][\/et_pb_column][et_pb_column type=&#8221;3_5&#8243; _builder_version=&#8221;4.18.0&#8243; _module_preset=&#8221;default&#8221; global_colors_info=&#8221;{}&#8221;][et_pb_text _builder_version=&#8221;4.27.4&#8243; _module_preset=&#8221;default&#8221; text_font=&#8221;Poppins|300|||||||&#8221; text_font_size=&#8221;16px&#8221; header_2_font_size=&#8221;28px&#8221; header_3_text_color=&#8221;#0A6C7C&#8221; header_5_text_color=&#8221;#0A6C7C&#8221; hover_enabled=&#8221;0&#8243; global_colors_info=&#8221;{}&#8221; sticky_enabled=&#8221;0&#8243;]<\/p>\n<h4><strong>What types of social ad campaigns do we run at CoMsentido?<\/strong><\/h4>\n<ul>\n<li>Campaigns focused on getting <strong>web traffic<\/strong>.<\/li>\n<li><strong>Social ad campaigns for conversion<\/strong> (lead magnets, forms, purchases).<\/li>\n<li>Social media ad campaigns to improve the <strong>reach and engagement<\/strong> of your account\u2019s content.<\/li>\n<li>Ad campaigns to<strong> increase the number of real followers.<\/strong><\/li>\n<li>Social media campaigns optimized for <strong>lead generation.<\/strong><\/li>\n<li>Social ad campaigns to <strong>boost direct contact with you.<\/strong><\/li>\n<\/ul>\n<p>We also handle the creation of <strong>audiovisual graphics, the writing of copy for publications, and the creation, management, optimization, and analysis of the campaign.<\/strong><\/p>\n<p>[\/et_pb_text][\/et_pb_column][\/et_pb_row][\/et_pb_section][et_pb_section fb_built=&#8221;1&#8243; module_id=&#8221;influencer&#8221; module_class=&#8221;influencer&#8221; _builder_version=&#8221;4.16&#8243; _module_preset=&#8221;default&#8221; background_image=&#8221;https:\/\/comsentido.es\/wp-content\/uploads\/2021\/05\/fondos_comsentido_web-3.png&#8221; custom_margin=&#8221;-16px|||||&#8221; custom_padding=&#8221;36px||36px||true|&#8221; global_colors_info=&#8221;{}&#8221;][et_pb_row _builder_version=&#8221;4.16&#8243; _module_preset=&#8221;default&#8221; min_height=&#8221;174px&#8221; global_colors_info=&#8221;{}&#8221;][et_pb_column type=&#8221;4_4&#8243; _builder_version=&#8221;4.16&#8243; _module_preset=&#8221;default&#8221; global_colors_info=&#8221;{}&#8221;][et_pb_text _builder_version=&#8221;4.16&#8243; _module_preset=&#8221;default&#8221; text_font=&#8221;Poppins|300|||||||&#8221; text_font_size=&#8221;16px&#8221; header_2_font_size=&#8221;28px&#8221; header_3_text_color=&#8221;#0A6C7C&#8221; header_5_text_color=&#8221;#0A6C7C&#8221; global_colors_info=&#8221;{}&#8221;]<\/p>\n<h2><strong>Influencer marketing<\/strong><\/h2>\n<h5><strong>From 320\u20ac+VAT<\/strong><\/h5>\n<p>Influencer marketing is an<strong> optimal tool for bringing your products or services closer to your target audience through the help of key figures in their lives.<\/strong> These are well-known public figures who are part of your niche.<\/p>\n<p>[\/et_pb_text][\/et_pb_column][\/et_pb_row][et_pb_row column_structure=&#8221;3_5,2_5&#8243; _builder_version=&#8221;4.16&#8243; _module_preset=&#8221;default&#8221; custom_margin=&#8221;-12px|auto||auto||&#8221; custom_padding=&#8221;8px||5px|||&#8221; global_colors_info=&#8221;{}&#8221;][et_pb_column type=&#8221;3_5&#8243; _builder_version=&#8221;4.16&#8243; _module_preset=&#8221;default&#8221; global_colors_info=&#8221;{}&#8221;][et_pb_text _builder_version=&#8221;4.16&#8243; _module_preset=&#8221;default&#8221; text_font=&#8221;Poppins|300|||||||&#8221; text_font_size=&#8221;16px&#8221; header_2_font_size=&#8221;28px&#8221; header_3_text_color=&#8221;#0A6C7C&#8221; header_5_text_color=&#8221;#0A6C7C&#8221; custom_margin=&#8221;||14px|||&#8221; global_colors_info=&#8221;{}&#8221;]<\/p>\n<p>The <strong>advantages of collaborating with influencers<\/strong> are becoming increasingly evident, but especially:<\/p>\n<ul>\n<li><strong>They help you position your brand<\/strong> in the consumer\u2019s mind, in the specific niche you need.<\/li>\n<li>They allow you a<strong> great reach<\/strong> with little investment.<\/li>\n<li><strong>The ROI or return on investment can be much higher<\/strong> than other marketing strategies such as social ads.<\/li>\n<li>They allow you to <strong>generate positive, high-value,<\/strong> reusable content for your own brand.<\/li>\n<li>They<strong> bring your brand closer to your target audience<\/strong> in a friendly way, through people they trust.<\/li>\n<\/ul>\n<h4><strong>Which influencers do we work with?<\/strong><\/h4>\n<p><strong>Depende de tu marca, sector y presupuesto, te recomendamos trabajar con un tipo de influencers u otros<\/strong>, pero siempre que sus seguidores sean tu p\u00fablico objetivo potencial.<\/p>\n<p><strong>It depends on each case, it will be a good option to work with celebrities<\/strong> (public figures with great media power not only on social networks), <strong>influencers<\/strong> (more than 50k followers on social networks and great engagement on their accounts) or <strong>microinfluencers<\/strong> (more accessible and with very loyal communities).<\/p>\n<p>[\/et_pb_text][\/et_pb_column][et_pb_column type=&#8221;2_5&#8243; _builder_version=&#8221;4.16&#8243; _module_preset=&#8221;default&#8221; global_colors_info=&#8221;{}&#8221;][et_pb_image src=&#8221;https:\/\/comsentido.es\/wp-content\/uploads\/2021\/05\/influencer_marketing_comsentido.png&#8221; alt=&#8221;influencer_marketing_comsentido&#8221; title_text=&#8221;influencer_marketing_comsentido&#8221; _builder_version=&#8221;4.16&#8243; _module_preset=&#8221;default&#8221; global_colors_info=&#8221;{}&#8221;][\/et_pb_image][\/et_pb_column][\/et_pb_row][et_pb_row column_structure=&#8221;2_5,3_5&#8243; _builder_version=&#8221;4.16&#8243; _module_preset=&#8221;default&#8221; global_colors_info=&#8221;{}&#8221;][et_pb_column type=&#8221;2_5&#8243; _builder_version=&#8221;4.16&#8243; _module_preset=&#8221;default&#8221; global_colors_info=&#8221;{}&#8221;][et_pb_image src=&#8221;https:\/\/comsentido.es\/wp-content\/uploads\/2021\/05\/marketing-influencers-analisis.png&#8221; title_text=&#8221;marketing influencers analisis&#8221; align=&#8221;center&#8221; disabled_on=&#8221;on|off|off&#8221; _builder_version=&#8221;4.16&#8243; _module_preset=&#8221;default&#8221; width=&#8221;87%&#8221; global_colors_info=&#8221;{}&#8221;][\/et_pb_image][\/et_pb_column][et_pb_column type=&#8221;3_5&#8243; _builder_version=&#8221;4.16&#8243; _module_preset=&#8221;default&#8221; global_colors_info=&#8221;{}&#8221;][et_pb_text _builder_version=&#8221;4.16&#8243; _module_preset=&#8221;default&#8221; text_font=&#8221;Poppins|300|||||||&#8221; text_font_size=&#8221;16px&#8221; header_2_font_size=&#8221;28px&#8221; header_3_text_color=&#8221;#0A6C7C&#8221; header_5_text_color=&#8221;#0A6C7C&#8221; custom_padding=&#8221;||0px|||&#8221; global_colors_info=&#8221;{}&#8221;]<\/p>\n<p>At CoMsentido, we create custom influencer campaigns. Our approach to influencer marketing is:<\/p>\n<ul style=\"font-weight: 400;\">\n<li data-leveltext=\"-\" data-font=\"Calibri\" data-listid=\"16\" aria-setsize=\"-1\" data-aria-posinset=\"1\" data-aria-level=\"1\"><strong>We analyze your business, product, and sector.<\/strong> Of course, we test it! (We love to do it whenever you offer it.)<\/li>\n<li data-leveltext=\"-\" data-font=\"Calibri\" data-listid=\"16\" aria-setsize=\"-1\" data-aria-posinset=\"2\" data-aria-level=\"1\"><span data-contrast=\"none\" style=\"font-size: 16px;\"><strong>We establish a strategy and objectives for your brand.<\/strong><\/span><\/li>\n<li data-leveltext=\"-\" data-font=\"Calibri\" data-listid=\"16\" aria-setsize=\"-1\" data-aria-posinset=\"2\" data-aria-level=\"1\"><span data-contrast=\"none\" style=\"font-size: 16px;\"><strong>We identify the most suitable influencers for your business and present you with a selection classified according to your objectives.<\/strong> We analyze and provide you with information such as the number of followers, engagement percentage, social networks they are on, content types and formats, collaboration values, and pricing.<\/span><\/li>\n<li data-leveltext=\"-\" data-font=\"Calibri\" data-listid=\"16\" aria-setsize=\"-1\" data-aria-posinset=\"2\" data-aria-level=\"1\"><span data-contrast=\"none\" xml:lang=\"ES-ES\" lang=\"ES-ES\" class=\"TextRun SCXW248359386 BCX0\" style=\"font-size: 16px;\"><span class=\"NormalTextRun SCXW248359386 BCX0\">Once the influencers have been presented, <strong>we choose the ones that interest you the most<\/strong> and prepare a collaboration agreement along with a briefing and execution plan to sign with them.<\/span><\/span><\/li>\n<li>In these documents, <strong>we outline the type and number of collaborations<\/strong>, the campaign hashtag, the timeline, KPIs, relevant information about your brand and campaign, and everything the influencer needs to know to ensure the collaboration is a success.<\/li>\n<li data-leveltext=\"-\" data-font=\"Calibri\" data-listid=\"16\" aria-setsize=\"-1\" data-aria-posinset=\"1\" data-aria-level=\"1\">Once the campaign is launched,<strong> we monitor every action and conduct daily follow-up<\/strong> to ensure all contributions are fulfilled.<\/li>\n<li data-leveltext=\"-\" data-font=\"Calibri\" data-listid=\"16\" aria-setsize=\"-1\" data-aria-posinset=\"2\" data-aria-level=\"1\"><strong>Once the collaboration is complete, we analyze the results and present you with a report on the impacts achieved<\/strong>, the results achieved, and a compilation of the collaboration&#8217;s creative work.<\/li>\n<\/ul>\n<p>[\/et_pb_text][\/et_pb_column][\/et_pb_row][\/et_pb_section][et_pb_section fb_built=&#8221;1&#8243; _builder_version=&#8221;4.16&#8243; _module_preset=&#8221;default&#8221; background_color=&#8221;#DEAB8C&#8221; background_image=&#8221;https:\/\/comsentido.es\/wp-content\/uploads\/2021\/05\/COMSENTIDO-WEB-09-1.png&#8221; background_size=&#8221;contain&#8221; background_position=&#8221;center_left&#8221; background_blend=&#8221;color-dodge&#8221; min_height=&#8221;353px&#8221; custom_margin=&#8221;-13px|||||&#8221; custom_padding=&#8221;34px||34px||true|&#8221; global_colors_info=&#8221;{}&#8221;][et_pb_row _builder_version=&#8221;4.16&#8243; _module_preset=&#8221;default&#8221; global_colors_info=&#8221;{}&#8221;][et_pb_column type=&#8221;4_4&#8243; _builder_version=&#8221;4.16&#8243; _module_preset=&#8221;default&#8221; global_colors_info=&#8221;{}&#8221;][et_pb_text _builder_version=&#8221;4.18.0&#8243; _module_preset=&#8221;default&#8221; text_font=&#8221;|300|||||||&#8221; text_font_size=&#8221;20px&#8221; header_font_size=&#8221;32px&#8221; header_2_text_color=&#8221;#FFFFFF&#8221; header_2_font_size=&#8221;30px&#8221; header_2_line_height=&#8221;1.2em&#8221; global_colors_info=&#8221;{}&#8221;]<\/p>\n<h2><strong>Do you want us to help you to get visibility to your business?<\/strong><\/h2>\n<p><span style=\"font-weight: 400;\">Contact with us!<\/span><\/p>\n<p>Write to us at <a href=\"marta@comsentido.es\">marta@comsentido.es<\/a> or schedule a free initial consultation with us.<\/p>\n<p>[\/et_pb_text][et_pb_code _builder_version=&#8221;4.23.1&#8243; _module_preset=&#8221;default&#8221; background_color=&#8221;RGBA(0,0,0,0)&#8221; global_colors_info=&#8221;{}&#8221;]<\/p>\n<div class=\"tidycal-embed\" data-path=\"comsentido\/asesoria-gratuita\"><\/div>\n<p><!-- [et_pb_line_break_holder] --><script src=\"https:\/\/asset-tidycal.b-cdn.net\/js\/embed.js\" async><\/script>[\/et_pb_code][\/et_pb_column][\/et_pb_row][\/et_pb_section]<\/p>\n","protected":false},"excerpt":{"rendered":"<p>Social media marketingAttract new customers and build customer loyalty through your social media channels We help you to ensure that your social networks have quality content and make an impact. And for your regular publications to help you get loyal followers in love with your brand or business.Not sure which social networks to choose for [&hellip;]<\/p>\n","protected":false},"author":1,"featured_media":0,"parent":10770,"menu_order":0,"comment_status":"closed","ping_status":"closed","template":"","meta":{"_et_pb_use_builder":"on","_et_pb_old_content":"[vc_row full_width=\"stretch_row\" css=\".vc_custom_1554744990280{margin-top: 0px !important;padding-top: 2em !important;padding-bottom: 2em !important;background-image: url(http:\/\/comsentido.es\/wp-content\/uploads\/2019\/04\/socialmedia3.jpg?id=478) !important;background-position: center !important;background-repeat: no-repeat !important;background-size: cover !important;}\" el_class=\"fndCabecera\"][vc_column width=\"1\/4\"][\/vc_column][vc_column width=\"1\/2\"][vc_column_text]\r\n<h1 style=\"text-align: center;\"><span style=\"color: #8d0238;\"><strong>Social Media<\/strong><\/span><\/h1>\r\n[\/vc_column_text][blockquote]Atrae a nuevos clientes y fidel\u00edzalos a trav\u00e9s de tus redes sociales.[\/blockquote][vc_column_text]\r\n<p style=\"text-align: center;\">Te ayudamos a que tus redes sociales tengan contenido de calidad e impacto, publicaciones peri\u00f3dicas y seguidores fieles enamorados de tu marca o negocio.<\/p>\r\n[\/vc_column_text][\/vc_column][vc_column width=\"1\/4\"][\/vc_column][\/vc_row][vc_row full_width=\"stretch_row\" el_class=\"fndAbajoIzq\" css=\".vc_custom_1554016032704{background-image: url(http:\/\/comsentido.es\/wp-content\/uploads\/2019\/03\/fnd6.png?id=340) !important;background-position: 0 0 !important;background-repeat: no-repeat !important;}\"][vc_column][vc_row_inner css=\".vc_custom_1554016027922{margin-bottom: 0px !important;padding-bottom: 0px !important;}\"][vc_column_inner width=\"1\/4\"][vc_column_text]\r\n<ul>\r\n \t<li>\u00bfNo sabes que redes sociales utilizar?<\/li>\r\n<\/ul>\r\n[\/vc_column_text][\/vc_column_inner][vc_column_inner width=\"1\/4\"][vc_column_text]\r\n<ul>\r\n \t<li>\u00bfNo tienes tiempo para publicar?<\/li>\r\n<\/ul>\r\n[\/vc_column_text][\/vc_column_inner][vc_column_inner width=\"1\/4\"][vc_column_text]\r\n<ul>\r\n \t<li>\u00bfSe te han acabado las ideas?<\/li>\r\n<\/ul>\r\n[\/vc_column_text][\/vc_column_inner][vc_column_inner width=\"1\/4\"][vc_column_text]\r\n<ul>\r\n \t<li>\u00bfTus redes est\u00e1n estancadas y ya no crecen?<\/li>\r\n<\/ul>\r\n[\/vc_column_text][\/vc_column_inner][\/vc_row_inner][vc_column_text]Si la respuesta a alguna de estas preguntas es: \u00a1Exacto! \u00a1Ese es mi problema! No te preocupes porque, \u00a1est\u00e1s de suerte!\r\n\r\nVamos a ayudarte para que las redes sociales ya no sean una carga para ti y crearemos una estrategia de contenidos para que consigas los objetivos que llevas tiempo proponi\u00e9ndote.[\/vc_column_text][vc_btn title=\"\u00a1LO TENGO CLARO!\" style=\"custom\" custom_background=\"#ec1537\" custom_text=\"#ffffff\" shape=\"square\" align=\"center\" i_icon_fontawesome=\"fa fa-angle-double-right\" add_icon=\"true\" link=\"url:http%3A%2F%2Fcomsentido.es%2Fcontacto%2F|title:Contacto||\"][\/vc_column][\/vc_row][vc_row full_width=\"stretch_row\" css=\".vc_custom_1554015565617{background: #f2f0f2 url(http:\/\/comsentido.es\/wp-content\/uploads\/2019\/03\/fnd1.png?id=267) !important;background-position: 0 0 !important;background-repeat: no-repeat !important;}\" el_class=\"fndArribaDer\"][vc_column][vc_column_text]\r\n<p style=\"text-align: center;\"><strong>\u00bfQu\u00e9 tendr\u00e1s con un plan de social media?<\/strong><\/p>\r\n[\/vc_column_text][vc_row_inner css=\".vc_custom_1554015862082{padding-top: 0px !important;}\"][vc_column_inner width=\"1\/2\" css=\".vc_custom_1554015941946{margin-bottom: 1em !important;border-right-width: 1px !important;padding-top: 0px !important;border-right-color: #cccccc !important;border-right-style: dashed !important;}\"][vc_column_text css=\".vc_custom_1555410864460{margin-bottom: 0px !important;padding-bottom: 0px !important;}\"]\r\n<ul class=\"list_check\">\r\n \t<li>An\u00e1lisis de tu sector y definici\u00f3n de tu nicho.<\/li>\r\n \t<li>Gesti\u00f3n \u00edntegral de las redes sociales que definamos.<\/li>\r\n \t<li>Calendarizaci\u00f3n de publicaciones.<\/li>\r\n \t<li>Im\u00e1genes personalizadas para cada red social.<\/li>\r\n<\/ul>\r\n[\/vc_column_text][\/vc_column_inner][vc_column_inner width=\"1\/2\" css=\".vc_custom_1554015866345{border-right-width: 1px !important;padding-top: 0px !important;border-right-color: #f2f0f2 !important;border-right-style: solid !important;}\"][vc_column_text css=\".vc_custom_1554015722027{margin-top: 0px !important;padding-top: 0px !important;}\"]\r\n<ul class=\"list_check\">\r\n \t<li>Interacci\u00f3n con la comunidad.<\/li>\r\n \t<li>Elaboraci\u00f3n de un informe mensual.<\/li>\r\n \t<li>Reuniones peri\u00f3dicas para compartir resultados.<\/li>\r\n<\/ul>\r\n[\/vc_column_text][\/vc_column_inner][\/vc_row_inner][vc_column_text]\r\n<p style=\"text-align: center;\">Conf\u00eda en <strong>coMsentido<\/strong> para conseguir una buena estrategia de social media y que tu comunidad crezca.<\/p>\r\n[\/vc_column_text][\/vc_column][\/vc_row][vc_row full_width=\"stretch_row\" gap=\"35\" equal_height=\"yes\" content_placement=\"middle\" el_class=\"fndAbajoIzq\" css=\".vc_custom_1554016139104{border-top-width: 1px !important;border-bottom-width: 1px !important;background: #ffffff url(http:\/\/comsentido.es\/wp-content\/uploads\/2019\/03\/fnd4.png?id=336) !important;background-position: 0 0 !important;background-repeat: no-repeat !important;border-top-color: #eeeeee !important;border-top-style: solid !important;border-bottom-color: #eeeeee !important;border-bottom-style: solid !important;}\"][vc_column width=\"1\/2\"][vc_column_text]\r\n<h2 style=\"text-align: center;\"><em>\u00bfEst\u00e1s preparado para conseguir todo esto?<\/em><\/h2>\r\n<p style=\"text-align: center;\">Conf\u00eda en <strong>coMsentido<\/strong> para conseguir una buena estrategia de social media y que tu comunidad crezca.<\/p>\r\n[\/vc_column_text][vc_btn title=\"\u00a1ESO ES LO QUE QUIERO!\" style=\"custom\" custom_background=\"#ec1537\" custom_text=\"#ffffff\" shape=\"square\" align=\"center\" i_icon_fontawesome=\"fa fa-angle-double-right\" add_icon=\"true\" el_class=\"btnCentrado\" css=\".vc_custom_1554459615405{margin-bottom: 0px !important;}\" link=\"url:http%3A%2F%2Fcomsentido.es%2Fcontacto%2F|title:Contacto||\"][\/vc_column][vc_column width=\"1\/2\"][vc_column_text]\r\n<h2 style=\"text-align: center;\"><em>No lo tengo claro...<\/em><\/h2>\r\n<p style=\"text-align: center;\">Entiendo si no est\u00e1s seguro de que las redes sociales vayan a aportar a tu negocio o no entiendes c\u00f3mo con una buena gesti\u00f3n vas a conseguir m\u00e1s clientes. Pero no te preocupes, te ofrezco algo para ayudarte a decidir si es una buena o mala decisi\u00f3n.<\/p>\r\n[\/vc_column_text][vc_btn title=\"\u00a1QUIERO ESA AYUDA!\" style=\"custom\" custom_background=\"#ec1537\" custom_text=\"#ffffff\" shape=\"square\" align=\"center\" i_icon_fontawesome=\"fa fa-angle-double-right\" add_icon=\"true\" link=\"url:http%3A%2F%2Fcomsentido.es%2Fcontacto%2Fasesoria-personalizada%2F|title:Asesor%C3%ADa%20personalizada||\"][\/vc_column][\/vc_row][vc_row full_width=\"stretch_row\" el_class=\"fndAbajoDer\" css=\".vc_custom_1554016103435{background-image: url(http:\/\/comsentido.es\/wp-content\/uploads\/2019\/03\/fnd5.png?id=338) !important;background-position: 0 0 !important;background-repeat: no-repeat !important;}\"][vc_column][vc_column_text]\r\n<p style=\"text-align: center;\"><strong>Servicios para dar el salto<\/strong><\/p>\r\n[\/vc_column_text][vc_row_inner gap=\"35\" el_class=\"bloqueServicios\"][vc_column_inner width=\"1\/3\"][vc_single_image image=\"251\" img_size=\"150x150\" alignment=\"center\" onclick=\"custom_link\" link=\"http:\/\/comsentido.es\/servicios\/marketing-digital\/\"][vc_column_text css=\".vc_custom_1554459652606{margin-bottom: 1em !important;}\"]\r\n<p style=\"text-align: center;\"><span style=\"color: #8d0238;\"><strong><a style=\"color: #8d0238;\" href=\"http:\/\/comsentido.es\/servicios\/marketing-digital\/\">Marketing Digital<\/a><\/strong><\/span><\/p>\r\n[\/vc_column_text][vc_column_text]\r\n<p style=\"text-align: center;\">Refuerza tu marca y haz que tu cliente ideal te encuentre. \u00bfC\u00f3mo? A trav\u00e9s de las redes sociales, de tu p\u00e1gina web y gracias al contenido de calidad que ofreceremos.<\/p>\r\n[\/vc_column_text][\/vc_column_inner][vc_column_inner width=\"1\/3\"][vc_single_image image=\"252\" img_size=\"150x150\" alignment=\"center\" onclick=\"custom_link\" link=\"http:\/\/comsentido.es\/servicios\/comunicacion-y-prensa\/\"][vc_column_text css=\".vc_custom_1554459668430{margin-bottom: 1em !important;}\"]\r\n<p style=\"text-align: center;\"><span style=\"color: #8d0238;\"><strong><a style=\"color: #8d0238;\" href=\"http:\/\/comsentido.es\/servicios\/comunicacion-y-prensa\/\">Comunicaci\u00f3n y Prensa<\/a><\/strong><\/span><\/p>\r\n[\/vc_column_text][vc_column_text]\r\n<p style=\"text-align: center;\">Comunica lo que t\u00fa y tu proyecto est\u00e1is logrando para que todo el mundo lo sepa. Conseguiremos mejorar tu posicionamiento y m\u00e1s cobertura en los medios de comunicaci\u00f3n.<\/p>\r\n[\/vc_column_text][\/vc_column_inner][vc_column_inner width=\"1\/3\"][vc_single_image image=\"253\" img_size=\"150x150\" alignment=\"center\" onclick=\"custom_link\" link=\"http:\/\/comsentido.es\/servicios\/eventos\/\"][vc_column_text css=\".vc_custom_1554459682775{margin-bottom: 1em !important;}\"]\r\n<p style=\"text-align: center;\"><span style=\"color: #8d0238;\"><strong><a style=\"color: #8d0238;\" href=\"http:\/\/comsentido.es\/servicios\/eventos\/\">Eventos<\/a><\/strong><\/span><\/p>\r\n[\/vc_column_text][vc_column_text]\r\n<p style=\"text-align: center;\">Cautiva a tu p\u00fablico con un evento que haga vibrar a todos los asistentes. Lo haremos cuidando todo detalle al m\u00e1ximo, planteando el plan A perfecto y con mucha creatividad y sentimiento.<\/p>\r\n[\/vc_column_text][\/vc_column_inner][\/vc_row_inner][\/vc_column][\/vc_row]","_et_gb_content_width":"","footnotes":""},"class_list":["post-10834","page","type-page","status-publish","hentry"],"aioseo_notices":[],"_links":{"self":[{"href":"https:\/\/comsentido.es\/en\/wp-json\/wp\/v2\/pages\/10834","targetHints":{"allow":["GET"]}}],"collection":[{"href":"https:\/\/comsentido.es\/en\/wp-json\/wp\/v2\/pages"}],"about":[{"href":"https:\/\/comsentido.es\/en\/wp-json\/wp\/v2\/types\/page"}],"author":[{"embeddable":true,"href":"https:\/\/comsentido.es\/en\/wp-json\/wp\/v2\/users\/1"}],"replies":[{"embeddable":true,"href":"https:\/\/comsentido.es\/en\/wp-json\/wp\/v2\/comments?post=10834"}],"version-history":[{"count":0,"href":"https:\/\/comsentido.es\/en\/wp-json\/wp\/v2\/pages\/10834\/revisions"}],"up":[{"embeddable":true,"href":"https:\/\/comsentido.es\/en\/wp-json\/wp\/v2\/pages\/10770"}],"wp:attachment":[{"href":"https:\/\/comsentido.es\/en\/wp-json\/wp\/v2\/media?parent=10834"}],"curies":[{"name":"wp","href":"https:\/\/api.w.org\/{rel}","templated":true}]}}