{"id":7302,"date":"2023-04-26T12:57:58","date_gmt":"2023-04-26T10:57:58","guid":{"rendered":"https:\/\/comsentido.es\/?page_id=7302"},"modified":"2023-04-26T13:01:14","modified_gmt":"2023-04-26T11:01:14","slug":"calendari-community-manager-i-social-media-2023","status":"publish","type":"page","link":"https:\/\/comsentido.es\/ca\/calendari-community-manager-i-social-media-2023\/","title":{"rendered":"Calendari Community Manager i Social Media 2023"},"content":{"rendered":"<p>[et_pb_section fb_built=&#8221;1&#8243; fullwidth=&#8221;on&#8221; _builder_version=&#8221;4.18.0&#8243; _module_preset=&#8221;default&#8221; background_enable_image=&#8221;off&#8221; global_colors_info=&#8221;{}&#8221;][et_pb_fullwidth_post_title meta=&#8221;off&#8221; featured_image=&#8221;off&#8221; _builder_version=&#8221;4.18.0&#8243; _module_preset=&#8221;default&#8221; title_font_size=&#8221;37px&#8221; background_color=&#8221;#E7E0D6&#8243; background_image=&#8221;https:\/\/comsentido.es\/wp-content\/uploads\/2022\/04\/iconos-pagina-marketing-turistico_CoMsentido-1.png&#8221; background_size=&#8221;contain&#8221; background_position=&#8221;top_left&#8221; module_alignment=&#8221;left&#8221; custom_margin=&#8221;0px||0px||true|false&#8221; custom_padding=&#8221;115px||115px||true|false&#8221; locked=&#8221;off&#8221; global_colors_info=&#8221;{}&#8221;][\/et_pb_fullwidth_post_title][\/et_pb_section][et_pb_section fb_built=&#8221;1&#8243; _builder_version=&#8221;4.18.0&#8243; _module_preset=&#8221;default&#8221; background_enable_image=&#8221;off&#8221; global_colors_info=&#8221;{}&#8221;][et_pb_row _builder_version=&#8221;4.18.0&#8243; _module_preset=&#8221;default&#8221; global_colors_info=&#8221;{}&#8221;][et_pb_column type=&#8221;4_4&#8243; _builder_version=&#8221;4.18.0&#8243; _module_preset=&#8221;default&#8221; global_colors_info=&#8221;{}&#8221;][et_pb_text _builder_version=&#8221;4.18.0&#8243; _module_preset=&#8221;default&#8221; text_font=&#8221;Poppins|300|||||||&#8221; text_font_size=&#8221;16px&#8221; global_colors_info=&#8221;{}&#8221;]<\/p>\n<p>Sabem que la teva <strong>\u201ctornada a escola\u201d<\/strong> <strong>no est\u00e0 completa si no tens el teu calendari Social Media 2023<\/strong>, per aix\u00f2, aqu\u00ed us deixem el nou calendari del Community Manager creat amb molt d&#8217;amor des de CoMsentido.<\/p>\n<p>Enguany hem volgut preparar un <strong>calendari m\u00e9s complet, amb m\u00e9s dates clau i dies divertits com el dia del croissant o el dia mundial dels OVNIs<\/strong>, que poden donar-li un toc d&#8217;originalitat a la teva estrat\u00e8gia de xarxes.<\/p>\n<p>El calendari \u00e9s <strong>totalment gratu\u00eft<\/strong> i est\u00e0 disponible en PDF perqu\u00e8 puguis tenir-lo en el teu m\u00f2bil o impr\u00e8s en la teva agenda.<\/p>\n<p>La planificaci\u00f3 de continguts mai havia estat tan senzilla i divertida com ara!<\/p>\n<p>[\/et_pb_text][\/et_pb_column][\/et_pb_row][et_pb_row column_structure=&#8221;1_2,1_2&#8243; _builder_version=&#8221;4.18.0&#8243; _module_preset=&#8221;default&#8221; global_colors_info=&#8221;{}&#8221;][et_pb_column type=&#8221;1_2&#8243; _builder_version=&#8221;4.18.0&#8243; _module_preset=&#8221;default&#8221; global_colors_info=&#8221;{}&#8221;][et_pb_code _builder_version=&#8221;4.18.0&#8243; _module_preset=&#8221;default&#8221; global_colors_info=&#8221;{}&#8221;]<!-- Optin - Inicio --><!-- [et_pb_line_break_holder] --><\/p>\n<div id=\"optin-Ap3pO9g3\" data-type=\"inline\"><\/div>\n<p><!-- [et_pb_line_break_holder] --><link rel=\"stylesheet\" type=\"text\/css\" href=\"https:\/\/optin.myperfit.com\/res\/css\/comsentido\/Ap3pO9g3.css\"\/><!-- [et_pb_line_break_holder] --><script type=\"text\/javascript\" src=\"https:\/\/optin.myperfit.com\/res\/js\/comsentido\/Ap3pO9g3.js\"><\/script><!-- [et_pb_line_break_holder] --><!-- Optin - Fin -->[\/et_pb_code][\/et_pb_column][et_pb_column type=&#8221;1_2&#8243; _builder_version=&#8221;4.18.0&#8243; _module_preset=&#8221;default&#8221; global_colors_info=&#8221;{}&#8221;][et_pb_image src=&#8221;https:\/\/comsentido.es\/wp-content\/uploads\/2022\/08\/Mock-up-calendario-cm-2023_CoMsentido.png&#8221; _builder_version=&#8221;4.18.0&#8243; _module_preset=&#8221;default&#8221; global_colors_info=&#8221;{}&#8221;][\/et_pb_image][\/et_pb_column][\/et_pb_row][\/et_pb_section][et_pb_section fb_built=&#8221;1&#8243; _builder_version=&#8221;4.18.0&#8243; _module_preset=&#8221;default&#8221; background_color=&#8221;#E7E0D6&#8243; global_colors_info=&#8221;{}&#8221;][et_pb_row column_structure=&#8221;3_5,2_5&#8243; _builder_version=&#8221;4.18.0&#8243; _module_preset=&#8221;default&#8221; min_height=&#8221;333.5px&#8221; custom_padding=&#8221;||7px||false|false&#8221; global_colors_info=&#8221;{}&#8221;][et_pb_column type=&#8221;3_5&#8243; _builder_version=&#8221;4.18.0&#8243; _module_preset=&#8221;default&#8221; global_colors_info=&#8221;{}&#8221;][et_pb_text _builder_version=&#8221;4.18.0&#8243; _module_preset=&#8221;default&#8221; global_colors_info=&#8221;{}&#8221;]<\/p>\n<p><strong>Qu\u00e8 trobar\u00e0s en el calendari Community Manager i Social Media 2023?<\/strong> En el calendari Social Media de 2023 trobar\u00e0s:<\/p>\n<p>&nbsp;<\/p>\n<ul>\n<li><span>Festius nacionals (Espanya)<\/span><\/li>\n<li><span>Els Dies Mundials, Internacionals i Nacionals m\u00e9s destacats del nostre pa\u00eds com el <strong>dia de la croqueta, la marmota, l&#8217;arc de Sant Mart\u00ed\u2026<\/strong><br \/><\/span><\/li>\n<li><span><strong>Esdeveniments televisius<\/strong> que cap fan es pot perdre (Eurovisi\u00f3, els Goya\u2026)<br \/><\/span><\/li>\n<li><span><strong>Dates clau per als e-commerce<\/strong> o les persones m\u00e9s shoppers (rebaixes, black friday, blue monday\u2026)<br \/><\/span><\/li>\n<li>\n<div class=\"traductor-textarea form-group\">\n<div class=\"textarea-desti col-xs-12 col-sm-6\">\n<div class=\"form-control second-textarea\">Els aniversaris de les principals xarxes socials (Twitter, Instagram, Facebook, Google\u2026)<\/div>\n<\/div>\n<\/div>\n<div class=\"traductor-checkbox form-group\">\n<div class=\"row\">\n<div class=\"col-sm-offset-2 col-sm-5\"><\/div>\n<\/div>\n<\/div>\n<\/li>\n<\/ul>\n<p>[\/et_pb_text][\/et_pb_column][et_pb_column type=&#8221;2_5&#8243; _builder_version=&#8221;4.18.0&#8243; _module_preset=&#8221;default&#8221; global_colors_info=&#8221;{}&#8221;][et_pb_image src=&#8221;https:\/\/comsentido.es\/wp-content\/uploads\/2022\/04\/escuchamos-problemas-necesidades_CoMsentido.png&#8221; _builder_version=&#8221;4.18.0&#8243; _module_preset=&#8221;default&#8221; custom_margin=&#8221;||||false|false&#8221; custom_padding=&#8221;||0px||false|false&#8221; global_colors_info=&#8221;{}&#8221;][\/et_pb_image][\/et_pb_column][\/et_pb_row][et_pb_row _builder_version=&#8221;4.18.0&#8243; _module_preset=&#8221;default&#8221; custom_margin=&#8221;-85px||||false|false&#8221; global_colors_info=&#8221;{}&#8221;][et_pb_column type=&#8221;4_4&#8243; _builder_version=&#8221;4.18.0&#8243; _module_preset=&#8221;default&#8221; global_colors_info=&#8221;{}&#8221;][et_pb_text _builder_version=&#8221;4.18.0&#8243; _module_preset=&#8221;default&#8221; custom_margin=&#8221;-14px||||false|false&#8221; global_colors_info=&#8221;{}&#8221;]<\/p>\n<p>Descarrega&#8217;t el calendari anual de mitj\u00e0 social 2023 i et ser\u00e0 m\u00e9s f\u00e0cil triomfar en les teves xarxes socials.<\/p>\n<p>Deixa&#8217;ns les teves dades i rebr\u00e0s en el teu correu electr\u00f2nic:<\/p>\n<ul>\n<li><span>El calendari del CM 2023 en PDF per a consultar en el teu ordinador o imprimir a la teva casa.<\/span><\/li>\n<li><span>El calendari del CM en\u00a0AAFF\u00a0llest per a la impremta.<br \/><\/span><\/li>\n<li>\n<div class=\"traductor-textarea form-group\">\n<div class=\"textarea-desti col-xs-12 col-sm-6\">\n<div class=\"form-control second-textarea\">El calendari mitj\u00e0 social en imatge per a portar c\u00f2modament en el teu m\u00f2bil o posar-lo de fons de pantalla on vulguis.<\/div>\n<\/div>\n<\/div>\n<div class=\"traductor-checkbox form-group\"><\/div>\n<\/li>\n<\/ul>\n<p>[\/et_pb_text][\/et_pb_column][\/et_pb_row][\/et_pb_section][et_pb_section fb_built=&#8221;1&#8243; _builder_version=&#8221;4.18.0&#8243; _module_preset=&#8221;default&#8221; background_color=&#8221;#ee002f&#8221; custom_padding=&#8221;37px||40px||false|false&#8221; global_colors_info=&#8221;{}&#8221;][et_pb_row _builder_version=&#8221;4.18.0&#8243; _module_preset=&#8221;default&#8221; global_colors_info=&#8221;{}&#8221;][et_pb_column type=&#8221;4_4&#8243; _builder_version=&#8221;4.18.0&#8243; _module_preset=&#8221;default&#8221; global_colors_info=&#8221;{}&#8221;][et_pb_text _builder_version=&#8221;4.18.0&#8243; _module_preset=&#8221;default&#8221; text_font=&#8221;Poppins||||||||&#8221; text_text_color=&#8221;#FFFFFF&#8221; text_font_size=&#8221;16px&#8221; text_line_height=&#8221;1.9em&#8221; header_3_text_color=&#8221;#FFFFFF&#8221; header_3_font_size=&#8221;26px&#8221; text_orientation=&#8221;center&#8221; max_width=&#8221;700px&#8221; module_alignment=&#8221;center&#8221; global_colors_info=&#8221;{}&#8221;]<\/p>\n<h3>Segueix-nos en xarxes socials<\/h3>\n<p>Estem en gaireb\u00e9 totes i intentem aportar-te valor d&#8217;una forma amena i divertida.<\/p>\n<p>[\/et_pb_text][et_pb_social_media_follow icon_color=&#8221;#FFFFFF&#8221; _builder_version=&#8221;4.18.0&#8243; _module_preset=&#8221;default&#8221; background_color=&#8221;RGBA(0,0,0,0)&#8221; text_orientation=&#8221;center&#8221; saved_tabs=&#8221;all&#8221; global_colors_info=&#8221;{}&#8221;][et_pb_social_media_follow_network social_network=&#8221;instagram&#8221; url=&#8221;https:\/\/instagram.com\/comsentido.es&#8221; icon_color=&#8221;#E7E0D6&#8243; use_icon_font_size=&#8221;on&#8221; icon_font_size=&#8221;22px&#8221; _builder_version=&#8221;4.16&#8243; _module_preset=&#8221;default&#8221; background_color=&#8221;RGBA(0,0,0,0)&#8221; background_enable_color=&#8221;on&#8221; border_radii=&#8221;on|20px|20px|20px|20px&#8221; global_colors_info=&#8221;{}&#8221; follow_button=&#8221;off&#8221; url_new_window=&#8221;on&#8221;]instagram[\/et_pb_social_media_follow_network][et_pb_social_media_follow_network social_network=&#8221;linkedin&#8221; url=&#8221;https:\/\/www.linkedin.com\/company\/comsentido\/&#8221; icon_color=&#8221;#E7E0D6&#8243; use_icon_font_size=&#8221;on&#8221; icon_font_size=&#8221;22px&#8221; _builder_version=&#8221;4.16&#8243; _module_preset=&#8221;default&#8221; background_color=&#8221;RGBA(0,0,0,0)&#8221; background_enable_color=&#8221;on&#8221; border_radii=&#8221;on|20px|20px|20px|20px&#8221; global_colors_info=&#8221;{}&#8221; follow_button=&#8221;off&#8221; url_new_window=&#8221;on&#8221;]linkedin[\/et_pb_social_media_follow_network][et_pb_social_media_follow_network social_network=&#8221;youtube&#8221; url=&#8221;https:\/\/www.youtube.com\/channel\/UCIUX-Sl5xn4dZTYq26hUlRQ&#8221; icon_color=&#8221;#E7E0D6&#8243; use_icon_font_size=&#8221;on&#8221; icon_font_size=&#8221;22px&#8221; _builder_version=&#8221;4.16&#8243; _module_preset=&#8221;default&#8221; background_color=&#8221;RGBA(0,0,0,0)&#8221; background_enable_color=&#8221;on&#8221; border_radii=&#8221;on|20px|20px|20px|20px&#8221; global_colors_info=&#8221;{}&#8221; follow_button=&#8221;off&#8221; url_new_window=&#8221;on&#8221;]youtube[\/et_pb_social_media_follow_network][et_pb_social_media_follow_network social_network=&#8221;pinterest&#8221; url=&#8221;https:\/\/www.pinterest.es\/comsentido_es\/&#8221; icon_color=&#8221;#E7E0D6&#8243; use_icon_font_size=&#8221;on&#8221; icon_font_size=&#8221;22px&#8221; _builder_version=&#8221;4.16&#8243; _module_preset=&#8221;default&#8221; background_color=&#8221;RGBA(0,0,0,0)&#8221; background_enable_color=&#8221;on&#8221; border_radii=&#8221;on|20px|20px|20px|20px&#8221; global_colors_info=&#8221;{}&#8221; follow_button=&#8221;off&#8221; url_new_window=&#8221;on&#8221;]pinterest[\/et_pb_social_media_follow_network][et_pb_social_media_follow_network social_network=&#8221;twitter&#8221; url=&#8221;https:\/\/twitter.com\/comsentido_es&#8221; icon_color=&#8221;#E7E0D6&#8243; use_icon_font_size=&#8221;on&#8221; icon_font_size=&#8221;22px&#8221; _builder_version=&#8221;4.16&#8243; _module_preset=&#8221;default&#8221; background_color=&#8221;RGBA(0,0,0,0)&#8221; background_enable_color=&#8221;on&#8221; border_radii=&#8221;on|20px|20px|20px|20px&#8221; global_colors_info=&#8221;{}&#8221; follow_button=&#8221;off&#8221; url_new_window=&#8221;on&#8221;]twitter[\/et_pb_social_media_follow_network][et_pb_social_media_follow_network social_network=&#8221;facebook&#8221; url=&#8221;https:\/\/www.facebook.com\/comsentido.es&#8221; icon_color=&#8221;#E7E0D6&#8243; use_icon_font_size=&#8221;on&#8221; icon_font_size=&#8221;22px&#8221; _builder_version=&#8221;4.16&#8243; _module_preset=&#8221;default&#8221; background_color=&#8221;RGBA(0,0,0,0)&#8221; background_enable_color=&#8221;on&#8221; border_radii=&#8221;on|20px|20px|20px|20px&#8221; global_colors_info=&#8221;{}&#8221; follow_button=&#8221;off&#8221; url_new_window=&#8221;on&#8221;]facebook[\/et_pb_social_media_follow_network][\/et_pb_social_media_follow][\/et_pb_column][\/et_pb_row][\/et_pb_section][et_pb_section fb_built=&#8221;1&#8243; _builder_version=&#8221;4.18.0&#8243; _module_preset=&#8221;default&#8221; global_colors_info=&#8221;{}&#8221;][et_pb_row _builder_version=&#8221;4.18.0&#8243; _module_preset=&#8221;default&#8221; global_colors_info=&#8221;{}&#8221;][et_pb_column type=&#8221;4_4&#8243; _builder_version=&#8221;4.18.0&#8243; _module_preset=&#8221;default&#8221; global_colors_info=&#8221;{}&#8221;][et_pb_text _builder_version=&#8221;4.18.0&#8243; _module_preset=&#8221;default&#8221; header_3_text_align=&#8221;center&#8221; header_3_font_size=&#8221;25px&#8221; global_colors_info=&#8221;{}&#8221;]<\/p>\n<h3>Assabenta&#8217;t de tot en el nostre blog<\/h3>\n<p>[\/et_pb_text][et_pb_blog fullwidth=&#8221;off&#8221; posts_number=&#8221;3&#8243; meta_date=&#8221;d M Y&#8221; show_content=&#8221;on&#8221; show_author=&#8221;off&#8221; show_categories=&#8221;off&#8221; show_pagination=&#8221;off&#8221; use_overlay=&#8221;on&#8221; hover_icon=&#8221;&#x55;||divi||400&#8243; _builder_version=&#8221;4.18.0&#8243; _module_preset=&#8221;default&#8221; body_font=&#8221;Poppins|300|||||||&#8221; body_text_color=&#8221;#333333&#8243; read_more_text_color=&#8221;#8F0033&#8243; background_color=&#8221;RGBA(0,0,0,0)&#8221; border_width_all=&#8221;0px&#8221; border_color_all=&#8221;#8F0033&#8243; global_colors_info=&#8221;{}&#8221;][\/et_pb_blog][\/et_pb_column][\/et_pb_row][\/et_pb_section]<\/p>\n","protected":false},"excerpt":{"rendered":"<p>Sabem que la teva \u201ctornada a escola\u201d no est\u00e0 completa si no tens el teu calendari Social Media 2023, per aix\u00f2, aqu\u00ed us deixem el nou calendari del Community Manager creat amb molt d&#8217;amor des de CoMsentido. Enguany hem volgut preparar un calendari m\u00e9s complet, amb m\u00e9s dates clau i dies divertits com el dia [&hellip;]<\/p>\n","protected":false},"author":1,"featured_media":0,"parent":0,"menu_order":0,"comment_status":"closed","ping_status":"closed","template":"","meta":{"_et_pb_use_builder":"on","_et_pb_old_content":"","_et_gb_content_width":"","footnotes":""},"class_list":["post-7302","page","type-page","status-publish","hentry"],"aioseo_notices":[],"_links":{"self":[{"href":"https:\/\/comsentido.es\/ca\/wp-json\/wp\/v2\/pages\/7302","targetHints":{"allow":["GET"]}}],"collection":[{"href":"https:\/\/comsentido.es\/ca\/wp-json\/wp\/v2\/pages"}],"about":[{"href":"https:\/\/comsentido.es\/ca\/wp-json\/wp\/v2\/types\/page"}],"author":[{"embeddable":true,"href":"https:\/\/comsentido.es\/ca\/wp-json\/wp\/v2\/users\/1"}],"replies":[{"embeddable":true,"href":"https:\/\/comsentido.es\/ca\/wp-json\/wp\/v2\/comments?post=7302"}],"version-history":[{"count":0,"href":"https:\/\/comsentido.es\/ca\/wp-json\/wp\/v2\/pages\/7302\/revisions"}],"wp:attachment":[{"href":"https:\/\/comsentido.es\/ca\/wp-json\/wp\/v2\/media?parent=7302"}],"curies":[{"name":"wp","href":"https:\/\/api.w.org\/{rel}","templated":true}]}}