{"id":3941,"date":"2021-05-18T14:14:09","date_gmt":"2021-05-18T12:14:09","guid":{"rendered":"https:\/\/comsentido.es\/?page_id=3941"},"modified":"2024-12-12T09:51:13","modified_gmt":"2024-12-12T08:51:13","slug":"marqueting-turistic","status":"publish","type":"page","link":"https:\/\/comsentido.es\/ca\/marqueting-digital\/marqueting-turistic\/","title":{"rendered":"M\u00e0rqueting turistic"},"content":{"rendered":"<p>[et_pb_section fb_built=&#8221;1&#8243; _builder_version=&#8221;4.16&#8243; _module_preset=&#8221;default&#8221; background_image=&#8221;https:\/\/comsentido.es\/wp-content\/uploads\/2021\/05\/EVENTOS_Mesa-de-trabajo-1-copia-13.png&#8221; custom_padding=&#8221;30px||30px||true|&#8221; global_colors_info=&#8221;{}&#8221;][et_pb_row _builder_version=&#8221;4.16&#8243; _module_preset=&#8221;default&#8221; custom_padding=&#8221;||5px|||&#8221; global_colors_info=&#8221;{}&#8221;][et_pb_column type=&#8221;4_4&#8243; _builder_version=&#8221;4.16&#8243; _module_preset=&#8221;default&#8221; global_colors_info=&#8221;{}&#8221;][et_pb_text _builder_version=&#8221;4.16&#8243; _module_preset=&#8221;default&#8221; text_font=&#8221;Poppins||||||||&#8221; text_text_color=&#8221;#07294C&#8221; text_font_size=&#8221;19px&#8221; text_line_height=&#8221;1.9em&#8221; header_font_size=&#8221;40px&#8221; header_2_text_color=&#8221;#07294C&#8221; header_2_font_size=&#8221;30px&#8221; header_3_font=&#8221;Poppins|300|||||||&#8221; header_3_text_color=&#8221;#07294C&#8221; header_3_font_size=&#8221;24px&#8221; header_3_line_height=&#8221;1.2em&#8221; text_orientation=&#8221;center&#8221; global_colors_info=&#8221;{}&#8221;]<\/p>\n<h1 aria-level=\"1\" style=\"text-align: center;\">M\u00e0rqueting Tur\u00edstic<\/h1>\n<p><strong><\/strong><\/p>\n<p>[\/et_pb_text][et_pb_text _builder_version=&#8221;4.16&#8243; _module_preset=&#8221;default&#8221; text_font=&#8221;Poppins||||||||&#8221; text_text_color=&#8221;#07294C&#8221; text_font_size=&#8221;19px&#8221; text_line_height=&#8221;1.9em&#8221; header_font_size=&#8221;40px&#8221; header_2_text_color=&#8221;#07294C&#8221; header_2_font_size=&#8221;30px&#8221; header_3_font=&#8221;Poppins|300|||||||&#8221; header_3_text_color=&#8221;#07294C&#8221; header_3_font_size=&#8221;24px&#8221; header_3_line_height=&#8221;1.2em&#8221; text_orientation=&#8221;center&#8221; global_colors_info=&#8221;{}&#8221;]<\/p>\n<p><strong><\/strong><\/p>\n<h2 style=\"text-align: center;\">T&#8217;oferim les millors solucions de m\u00e0rqueting per al teu negoci tur\u00edstic<\/h2>\n<h3>La visibilitat \u00e9s clau per a les empreses del sector del turisme per a poder aconseguir atreure a potencials clients temporada rere temporada, t&#8217;ajudem a aconseguir-ho!<\/h3>\n<p>[\/et_pb_text][\/et_pb_column][\/et_pb_row][\/et_pb_section][et_pb_section fb_built=&#8221;1&#8243; _builder_version=&#8221;4.16&#8243; _module_preset=&#8221;default&#8221; background_image=&#8221;https:\/\/comsentido.es\/wp-content\/uploads\/2021\/05\/fondos_comsentido_web-3.png&#8221; custom_padding=&#8221;25px||25px||true|&#8221; global_colors_info=&#8221;{}&#8221;][et_pb_row column_structure=&#8221;3_5,2_5&#8243; _builder_version=&#8221;4.16&#8243; _module_preset=&#8221;default&#8221; custom_padding=&#8221;||12px|||&#8221; global_colors_info=&#8221;{}&#8221;][et_pb_column type=&#8221;3_5&#8243; _builder_version=&#8221;4.16&#8243; _module_preset=&#8221;default&#8221; global_colors_info=&#8221;{}&#8221;][et_pb_text _builder_version=&#8221;4.16&#8243; _module_preset=&#8221;default&#8221; text_font=&#8221;Poppins||||||||&#8221; text_text_color=&#8221;#333333&#8243; text_font_size=&#8221;16px&#8221; header_2_font_size=&#8221;28px&#8221; header_2_line_height=&#8221;1.2em&#8221; header_3_text_align=&#8221;center&#8221; header_3_text_color=&#8221;#0A6C7C&#8221; global_colors_info=&#8221;{}&#8221;]<\/p>\n<h2>S&#8217;acosta la temporada en temps diferents (i dif\u00edcils)<\/h2>\n<p><strong><\/strong><\/p>\n<p><strong>Comptar amb una estrat\u00e8gia de M\u00e0rqueting Digital \u00e9s essencial<\/strong> per al teu hotel o allotjament tur\u00edstic, el teu SPA, empresa d&#8217;activitats d&#8217;oci i temps lliure, restaurant, bar\u2026 i qualsevol tipus de negoci que necessiti ser visible per a atreure a potencials clients any rere any, temporada rere temporada. <\/p>\n<p>En un <strong>m\u00f3n cada dia m\u00e9s digitalitzat<\/strong> en el qual vivim, abans de realitzar una reservar, visitar un nou restaurant o reservar en un SPA busquem informaci\u00f3 i ressenyes d&#8217;altres turistes en Internet,<strong> \u00e9s important tenir aquesta pres\u00e8ncia digital per a poder oferir la millor versi\u00f3 de nosaltres mateixos.<\/strong><\/p>\n<blockquote>\n<h3 style=\"text-align: left;\">Treballar l&#8217;estrat\u00e8gia de m\u00e0rqueting i comunicaci\u00f3 del teu hotel far\u00e0 que aconsegueixis m\u00e9s visibilitat, millors l&#8217;autoritat de la teva marca, atreguis a potencials clients i marquis la difer\u00e8ncia enfront de la teva compet\u00e8ncia.<\/h3>\n<\/blockquote>\n<p>[\/et_pb_text][\/et_pb_column][et_pb_column type=&#8221;2_5&#8243; _builder_version=&#8221;4.16&#8243; _module_preset=&#8221;default&#8221; global_colors_info=&#8221;{}&#8221;][et_pb_image src=&#8221;https:\/\/comsentido.es\/wp-content\/uploads\/2021\/05\/pagina-web-comsentido.png&#8221; alt=&#8221;pagina-web-comsentido&#8221; title_text=&#8221;pagina-web-comsentido&#8221; _builder_version=&#8221;4.16&#8243; _module_preset=&#8221;default&#8221; global_colors_info=&#8221;{}&#8221;][\/et_pb_image][\/et_pb_column][\/et_pb_row][\/et_pb_section][et_pb_section fb_built=&#8221;1&#8243; _builder_version=&#8221;4.16&#8243; _module_preset=&#8221;default&#8221; background_color=&#8221;#DEAB8C&#8221; custom_padding=&#8221;26px||26px||true|&#8221; global_colors_info=&#8221;{}&#8221;][et_pb_row column_structure=&#8221;3_5,2_5&#8243; _builder_version=&#8221;4.16&#8243; _module_preset=&#8221;default&#8221; global_colors_info=&#8221;{}&#8221;][et_pb_column type=&#8221;3_5&#8243; _builder_version=&#8221;4.16&#8243; _module_preset=&#8221;default&#8221; global_colors_info=&#8221;{}&#8221;][et_pb_text _builder_version=&#8221;4.16&#8243; _module_preset=&#8221;default&#8221; text_font=&#8221;Poppins||||||||&#8221; text_text_color=&#8221;#07294C&#8221; text_font_size=&#8221;16px&#8221; text_line_height=&#8221;1.4em&#8221; min_height=&#8221;81px&#8221; custom_padding=&#8221;14px||0px|||&#8221; global_colors_info=&#8221;{}&#8221;]<\/p>\n<h2 style=\"text-align: left;\">Vols aprendre a gestionar les xarxes socials del teu negoci tur\u00edstic?<\/h2>\n<p>Completa el nostre formulari (fins al final) i podr\u00e0s descarregar-te gratu\u00eftament una guia perqu\u00e8 aprenguis a treure el m\u00e0xim partit a les teves xarxes socials i puguis optimitzar-les per a acostar-te cada dia m\u00e9s als teus objectius.<\/p>\n<h3 style=\"text-align: left;\">Qu\u00e8 trobar\u00e0s en aquesta guia exclusiva?<\/h3>\n<ul>\n<li data-leveltext=\"\uf0b7\" data-font=\"Symbol\" data-listid=\"30\" aria-setsize=\"-1\" data-aria-posinset=\"1\" data-aria-level=\"1\">El pas a pas per a aprendre a gestionar les teves xarxes socials<\/li>\n<li data-leveltext=\"\uf0b7\" data-font=\"Symbol\" data-listid=\"30\" aria-setsize=\"-1\" data-aria-posinset=\"2\" data-aria-level=\"1\">Tips espec\u00edfics per a xarxes socials del sector tur\u00edstic<\/li>\n<li data-leveltext=\"\uf0b7\" data-font=\"Symbol\" data-listid=\"30\" aria-setsize=\"-1\" data-aria-posinset=\"3\" data-aria-level=\"1\">Consells per a triomfar en xarxes socials<\/li>\n<li data-leveltext=\"\uf0b7\" data-font=\"Symbol\" data-listid=\"30\" aria-setsize=\"-1\" data-aria-posinset=\"3\" data-aria-level=\"1\">Extra 1: Plantilla An\u00e0lisi inicial xarxes socials<\/li>\n<li data-leveltext=\"\uf0b7\" data-font=\"Symbol\" data-listid=\"30\" aria-setsize=\"-1\" data-aria-posinset=\"3\" data-aria-level=\"1\">Extra 2: Calendari CM per descarregar<\/li>\n<li data-leveltext=\"\uf0b7\" data-font=\"Symbol\" data-listid=\"30\" aria-setsize=\"-1\" data-aria-posinset=\"3\" data-aria-level=\"1\">Extra 3: Guia p\u00fablic objectiu<\/li>\n<\/ul>\n<ul><\/ul>\n<p><span class=\"EOP SCXW81255677 BCX0\" data-ccp-props=\"{&quot;201341983&quot;:0,&quot;335559739&quot;:160,&quot;335559740&quot;:259}\"><\/span><\/p>\n<p>[\/et_pb_text][et_pb_button button_url=&#8221;https:\/\/comsentido.typeform.com\/to\/A2CMiwNq&#8221; button_text=&#8221;Realitza l\u2019enquesta + Guia gratu\u00efta&#8221; button_alignment=&#8221;center&#8221; _builder_version=&#8221;4.16&#8243; _module_preset=&#8221;default&#8221; custom_button=&#8221;on&#8221; button_text_color=&#8221;#FFFFFF&#8221; button_bg_color=&#8221;#8F0033&#8243; button_border_width=&#8221;0px&#8221; button_icon=&#8221;&#x45;||divi||400&#8243; global_colors_info=&#8221;{}&#8221;][\/et_pb_button][\/et_pb_column][et_pb_column type=&#8221;2_5&#8243; _builder_version=&#8221;4.16&#8243; _module_preset=&#8221;default&#8221; global_colors_info=&#8221;{}&#8221;][et_pb_image src=&#8221;https:\/\/comsentido.es\/wp-content\/uploads\/2021\/05\/mockup-guia.jpg&#8221; title_text=&#8221;mockup guia&#8221; _builder_version=&#8221;4.16&#8243; _module_preset=&#8221;default&#8221; global_colors_info=&#8221;{}&#8221;][\/et_pb_image][\/et_pb_column][\/et_pb_row][\/et_pb_section][et_pb_section fb_built=&#8221;1&#8243; _builder_version=&#8221;4.16&#8243; _module_preset=&#8221;default&#8221; background_color=&#8221;#FFFFFF&#8221; background_image=&#8221;https:\/\/comsentido.es\/wp-content\/uploads\/2021\/05\/COMSENTIDOEVENTOS-59.png&#8221; custom_padding=&#8221;39px||39px||true|&#8221; global_colors_info=&#8221;{}&#8221;][et_pb_row _builder_version=&#8221;4.16&#8243; _module_preset=&#8221;default&#8221; custom_padding=&#8221;||18px|||&#8221; global_colors_info=&#8221;{}&#8221;][et_pb_column type=&#8221;4_4&#8243; _builder_version=&#8221;4.16&#8243; _module_preset=&#8221;default&#8221; global_colors_info=&#8221;{}&#8221;][et_pb_text _builder_version=&#8221;4.16&#8243; _module_preset=&#8221;default&#8221; text_font=&#8221;Poppins||||||||&#8221; text_text_color=&#8221;#333333&#8243; text_font_size=&#8221;16px&#8221; header_2_font_size=&#8221;28px&#8221; header_2_line_height=&#8221;1.2em&#8221; header_3_text_align=&#8221;center&#8221; header_3_text_color=&#8221;#0A6C7C&#8221; global_colors_info=&#8221;{}&#8221;]<\/p>\n<h2 style=\"text-align: left;\">Qu\u00e8 \u00e9s el m\u00e0rqueting tur\u00edstic?<\/h2>\n<p>El m\u00e0rqueting tur\u00edstic s\u00f3n totes aquelles <strong>t\u00e8cniques de m\u00e0rqueting que abasten els aspectes que intervenen i influeixen a promocionar un producte o servei tur\u00edstics<\/strong> com a destinacions, viatges\u2026 i altres activitats relacionades amb oferir un millor servei al client. <\/p>\n<p><strong>El m\u00e0rqueting tur\u00edstic serveix per a sensibilitzar, motivar i conv\u00e8ncer a potencials clients<\/strong> perqu\u00e8 adquireixin el producte o servei que estem venent. \u00c9s a dir, <strong>posar en contacte a la persona que vol adquirir un servei amb el professional que l&#8217;ofereix<\/strong>, o dit d&#8217;una altra manera, aconseguir que gent interessada a viatjar en la zona en la qual tens el teu negoci (hotel, restaurant, spa, activitats d&#8217;oci) et trobi i et tri\u00ef a tu per sobre dels seus competidors. <\/p>\n<blockquote>\n<p><strong>A CoMsentido t&#8217;ajudem a arribar fins als teus clients i a connectar amb ells no sols perqu\u00e8 et tri\u00efn una primera vegada si no tamb\u00e9 perqu\u00e8 s&#8217;acabin convertint en clients fidels, que vulguin repetir any rere any.<\/strong><\/p>\n<\/blockquote>\n<h3 style=\"text-align: center;\">Com podem ajudar al teu negoci tur\u00edstic?<\/h3>\n<p>[\/et_pb_text][\/et_pb_column][\/et_pb_row][et_pb_row column_structure=&#8221;1_4,1_4,1_4,1_4&#8243; _builder_version=&#8221;4.16&#8243; _module_preset=&#8221;default&#8221; global_colors_info=&#8221;{}&#8221;][et_pb_column type=&#8221;1_4&#8243; _builder_version=&#8221;4.16&#8243; _module_preset=&#8221;default&#8221; global_colors_info=&#8221;{}&#8221;][et_pb_text _builder_version=&#8221;4.16&#8243; _module_preset=&#8221;default&#8221; text_font_size=&#8221;18px&#8221; header_3_text_align=&#8221;center&#8221; header_3_text_color=&#8221;#0A6C7C&#8221; link_option_url=&#8221;https:\/\/comsentido.es\/servicios\/marketing-digital\/social-media-marketing-community-manager\/#creaci\u00f3n&#8221; global_colors_info=&#8221;{}&#8221;]<\/p>\n<h3><strong>Community <\/strong><strong>Manager o Gesti\u00f3 de Xarxes<\/strong><\/h3>\n<p style=\"text-align: center;\"><strong>Des de 350\u20ac+IVA<\/strong><\/p>\n<p>[\/et_pb_text][et_pb_image src=&#8221;https:\/\/comsentido.es\/wp-content\/uploads\/2021\/05\/gestiom-redes-sociales-community-manager_CoMsentido.png&#8221; alt=&#8221;gesti\u00f3m-redes-sociales-community-manager_CoMsentido&#8221; title_text=&#8221;gesti\u00f3m-redes-sociales-community-manager_CoMsentido&#8221; url=&#8221;https:\/\/comsentido.es\/servicios\/marketing-digital\/social-media-marketing-community-manager\/#community&#8221; _builder_version=&#8221;4.16&#8243; _module_preset=&#8221;default&#8221; global_colors_info=&#8221;{}&#8221;][\/et_pb_image][\/et_pb_column][et_pb_column type=&#8221;1_4&#8243; _builder_version=&#8221;4.16&#8243; _module_preset=&#8221;default&#8221; global_colors_info=&#8221;{}&#8221;][et_pb_text _builder_version=&#8221;4.16&#8243; _module_preset=&#8221;default&#8221; text_font_size=&#8221;18px&#8221; header_3_text_align=&#8221;center&#8221; header_3_text_color=&#8221;#0A6C7C&#8221; link_option_url=&#8221;https:\/\/comsentido.es\/servicios\/marketing-digital\/social-media-marketing-community-manager\/#creaci\u00f3n&#8221; global_colors_info=&#8221;{}&#8221;]<\/p>\n<h3><strong>Blog estrat\u00e8gic per a la teva p\u00e0gina web<\/strong><\/h3>\n<p style=\"text-align: center;\"><strong>Des de 120\u20ac+IVA<\/strong><\/p>\n<p>[\/et_pb_text][et_pb_image src=&#8221;https:\/\/comsentido.es\/wp-content\/uploads\/2021\/05\/auditoria-social-media-estrategia-rrss_CoMsentido.png&#8221; alt=&#8221;auditor\u00eda-social-media+-estrategia-rrss_CoMsentido&#8221; title_text=&#8221;auditor\u00eda-social-media+-estrategia-rrss_CoMsentido&#8221; url=&#8221;https:\/\/comsentido.es\/servicios\/marketing-digital\/social-media-marketing-community-manager\/#socialmedia&#8221; _builder_version=&#8221;4.16&#8243; _module_preset=&#8221;default&#8221; global_colors_info=&#8221;{}&#8221;][\/et_pb_image][\/et_pb_column][et_pb_column type=&#8221;1_4&#8243; _builder_version=&#8221;4.16&#8243; _module_preset=&#8221;default&#8221; global_colors_info=&#8221;{}&#8221;][et_pb_text _builder_version=&#8221;4.16&#8243; _module_preset=&#8221;default&#8221; text_font_size=&#8221;18px&#8221; header_3_text_align=&#8221;center&#8221; header_3_text_color=&#8221;#0A6C7C&#8221; link_option_url=&#8221;https:\/\/comsentido.es\/servicios\/marketing-digital\/social-media-marketing-community-manager\/#community&#8221; global_colors_info=&#8221;{}&#8221;]<\/p>\n<h3><strong>Disseny de p\u00e0gina web<\/strong><\/h3>\n<p style=\"text-align: center;\"><strong>Des de 890\u20ac+IVA<\/strong><\/p>\n<p>[\/et_pb_text][et_pb_image src=&#8221;https:\/\/comsentido.es\/wp-content\/uploads\/2021\/05\/pagina-web-sector-servicios_CoMsentido.png&#8221; alt=&#8221;p\u00e1gina-web-sector-servicios_CoMsentido&#8221; title_text=&#8221;p\u00e1gina-web-sector-servicios_CoMsentido&#8221; url=&#8221;https:\/\/comsentido.es\/servicios\/marketing-digital\/social-media-marketing-community-manager\/#creaci\u00f3n&#8221; _builder_version=&#8221;4.16&#8243; _module_preset=&#8221;default&#8221; global_colors_info=&#8221;{}&#8221;][\/et_pb_image][\/et_pb_column][et_pb_column type=&#8221;1_4&#8243; _builder_version=&#8221;4.16&#8243; _module_preset=&#8221;default&#8221; global_colors_info=&#8221;{}&#8221;][et_pb_text _builder_version=&#8221;4.16&#8243; _module_preset=&#8221;default&#8221; text_font_size=&#8221;18px&#8221; header_3_text_align=&#8221;center&#8221; header_3_text_color=&#8221;#0A6C7C&#8221; link_option_url=&#8221;https:\/\/comsentido.es\/servicios\/marketing-digital\/social-media-marketing-community-manager\/#community&#8221; global_colors_info=&#8221;{}&#8221;]<\/p>\n<h3><strong>Newsletter i e-mail m\u00e0rqueting<\/strong><\/h3>\n<p style=\"text-align: center;\"><strong>Des de 55\u20ac+IVA\/mes<\/strong><\/p>\n<p>[\/et_pb_text][et_pb_image src=&#8221;https:\/\/comsentido.es\/wp-content\/uploads\/2021\/05\/newsletter_emailmarketing_comsentido.png&#8221; alt=&#8221;Mantenimineto-Web_CoMsentido&#8221; title_text=&#8221;newsletter_emailmarketing_comsentido&#8221; url=&#8221;https:\/\/comsentido.es\/servicios\/marketing-digital\/social-media-marketing-community-manager\/#community&#8221; _builder_version=&#8221;4.16&#8243; _module_preset=&#8221;default&#8221; global_colors_info=&#8221;{}&#8221;][\/et_pb_image][\/et_pb_column][\/et_pb_row][\/et_pb_section][et_pb_section fb_built=&#8221;1&#8243; module_id=&#8221;socialmedia&#8221; module_class=&#8221;socialmedia&#8221; _builder_version=&#8221;4.16&#8243; _module_preset=&#8221;default&#8221; background_color=&#8221;#E7E0D6&#8243; background_image=&#8221;https:\/\/comsentido.es\/wp-content\/uploads\/2021\/05\/fondos_comsentido_web-3.png&#8221; custom_margin=&#8221;-9px|||||&#8221; custom_padding=&#8221;36px||36px||true|&#8221; global_colors_info=&#8221;{}&#8221;][et_pb_row _builder_version=&#8221;4.16&#8243; _module_preset=&#8221;default&#8221; min_height=&#8221;136px&#8221; custom_margin=&#8221;|auto|-11px|auto||&#8221; custom_padding=&#8221;||1px|||&#8221; global_colors_info=&#8221;{}&#8221;][et_pb_column type=&#8221;4_4&#8243; _builder_version=&#8221;4.16&#8243; _module_preset=&#8221;default&#8221; global_colors_info=&#8221;{}&#8221;][et_pb_text _builder_version=&#8221;4.16&#8243; _module_preset=&#8221;default&#8221; text_font=&#8221;Poppins|300|||||||&#8221; text_font_size=&#8221;16px&#8221; header_2_font_size=&#8221;28px&#8221; header_3_text_color=&#8221;#0A6C7C&#8221; header_5_text_color=&#8221;#0A6C7C&#8221; custom_margin=&#8221;||4px|||&#8221; custom_padding=&#8221;|449px||||&#8221; global_colors_info=&#8221;{}&#8221;]<\/p>\n<h2><strong>Community Manager o gesti\u00f3 de Xarxes Socials<\/strong><\/h2>\n<h5><strong>Des de 350\u20ac+IVA<\/strong><\/h5>\n<p><strong>Necessites que t&#8217;ajudem a gestionar les xarxes socials del teu hotel o negoci tur\u00edstic?<\/strong><\/p>\n<p>[\/et_pb_text][\/et_pb_column][\/et_pb_row][et_pb_row column_structure=&#8221;3_5,2_5&#8243; _builder_version=&#8221;4.16&#8243; _module_preset=&#8221;default&#8221; custom_margin=&#8221;1px|auto||auto||&#8221; custom_padding=&#8221;24px|||||&#8221; global_colors_info=&#8221;{}&#8221;][et_pb_column type=&#8221;3_5&#8243; _builder_version=&#8221;4.16&#8243; _module_preset=&#8221;default&#8221; global_colors_info=&#8221;{}&#8221;][et_pb_text _builder_version=&#8221;4.16&#8243; _module_preset=&#8221;default&#8221; text_font=&#8221;Poppins|300|||||||&#8221; text_font_size=&#8221;16px&#8221; header_2_font_size=&#8221;28px&#8221; header_3_text_color=&#8221;#0A6C7C&#8221; header_5_text_color=&#8221;#0A6C7C&#8221; custom_margin=&#8221;-9px|||||&#8221; global_colors_info=&#8221;{}&#8221;]<\/p>\n<div class=\"et_pb_text_inner\">\n<div data-shortcode-id=\"3.0.0.0-1620640435304\" data-quickaccess-editable=\"yes\" class=\"et-fb-popover-tinymce\">\n<div class=\"mce-content-body\" contenteditable=\"true\" style=\"position: relative;\">\n<p>Sabem que com m\u00e9s const\u00e0ncia i dedicaci\u00f3 necessiten les xarxes socials del teu hotel \u00e9s si m\u00e9s no temps tens per a dedicar-los. I, que durant els mesos que l&#8217;hotel est\u00e0 tancat penses que no \u00e9s necessari mantenir les xarxes actives.<\/p>\n<blockquote>\n<p><strong>Per\u00f2 tens en compte el moment en el qual els teus clients decideixen sobre la seva destinaci\u00f3 de vacances?<\/strong> Aprofites la temporada en la qual els teus clients pugen fotos a les teves xarxes socials per a compartir-les en el teu compte i aix\u00ed aconseguir visibilitat i testimoniatges dels teus clients?<\/p>\n<\/blockquote>\n<p>Saps quines s\u00f3n les millors RRSS per al teu negoci?<strong> Necessites un equip en qui delegar la gesti\u00f3 de xarxes socials<\/strong> i el treball de revisar ressenyar publicades, donar resposta de part de l&#8217;hotel, publicar informaci\u00f3 actualitzada?<\/p>\n<p><strong>En CoMsentido ens convertim en el teu Community Manager<\/strong> i t&#8217;oferim diferents plans de gesti\u00f3 de xarxes socials perqu\u00e8 s&#8217;adaptin al que de veritat necessites.<\/p>\n<h4>Podem encarregar-nos de les teves xarxes i fer per tu:<\/h4>\n<ul>\n<li><strong>Auditoria, creaci\u00f3 estrat\u00e8gia Social Media i formaci\u00f3 en directe<\/strong> per a aprendre sobre Social Media i que tu mateix puguis gestionar les teves pr\u00f2pies xarxes socials.<\/li>\n<li><strong>Pla de Community Manager:<\/strong> ens encarreguem de publicar en els teus RRSS, interactuar amb els usuaris, respondre comentaris&#8230;<\/li>\n<li><strong>Col\u00b7laboracions amb influencers:<\/strong> busquem els millors influencers per a la teva marca i us posem en contacte.<\/li>\n<\/ul>\n<p><strong>Cerques una altra cosa? <a href=\"mailto:marta@comsentido.es\">Contacta con nosotros<\/a> i explica&#8217;ns qu\u00e8 necessites.<br \/><\/strong><\/p>\n<\/div>\n<\/div>\n<\/div>\n<p>[\/et_pb_text][\/et_pb_column][et_pb_column type=&#8221;2_5&#8243; _builder_version=&#8221;4.16&#8243; _module_preset=&#8221;default&#8221; global_colors_info=&#8221;{}&#8221;][et_pb_image src=&#8221;https:\/\/comsentido.es\/wp-content\/uploads\/2021\/05\/gestiom-redes-sociales-community-manager_CoMsentido.png&#8221; alt=&#8221;gesti\u00f3n-redes-sociales-community-manager_CoMsentido&#8221; title_text=&#8221;gesti\u00f3n-redes-sociales-community-manager_CoMsentido&#8221; _builder_version=&#8221;4.16&#8243; _module_preset=&#8221;default&#8221; global_colors_info=&#8221;{}&#8221;][\/et_pb_image][\/et_pb_column][\/et_pb_row][\/et_pb_section][et_pb_section fb_built=&#8221;1&#8243; module_id=&#8221;community&#8221; module_class=&#8221;community&#8221; _builder_version=&#8221;4.16&#8243; _module_preset=&#8221;default&#8221; background_color=&#8221;#FFFFFF&#8221; background_image=&#8221;https:\/\/comsentido.es\/wp-content\/uploads\/2021\/05\/RESTILING-WEB-COMSenTIDO-60.png&#8221; custom_padding=&#8221;29px||30px|||&#8221; global_colors_info=&#8221;{}&#8221;][et_pb_row column_structure=&#8221;2_5,3_5&#8243; _builder_version=&#8221;4.16&#8243; _module_preset=&#8221;default&#8221; custom_margin=&#8221;|auto|-13px|auto||&#8221; global_colors_info=&#8221;{}&#8221;][et_pb_column type=&#8221;2_5&#8243; _builder_version=&#8221;4.16&#8243; _module_preset=&#8221;default&#8221; global_colors_info=&#8221;{}&#8221;][et_pb_image src=&#8221;https:\/\/comsentido.es\/wp-content\/uploads\/2021\/05\/auditoria-social-media-estrategia-rrss_CoMsentido.png&#8221; alt=&#8221;auditor\u00eda-social-media+-estrategia-rrss_CoMsentido&#8221; title_text=&#8221;auditor\u00eda-social-media+-estrategia-rrss_CoMsentido&#8221; _builder_version=&#8221;4.16&#8243; _module_preset=&#8221;default&#8221; global_colors_info=&#8221;{}&#8221;][\/et_pb_image][\/et_pb_column][et_pb_column type=&#8221;3_5&#8243; _builder_version=&#8221;4.16&#8243; _module_preset=&#8221;default&#8221; global_colors_info=&#8221;{}&#8221;][et_pb_text _builder_version=&#8221;4.16&#8243; _module_preset=&#8221;default&#8221; text_font=&#8221;Poppins|300|||||||&#8221; text_font_size=&#8221;16px&#8221; header_2_font_size=&#8221;28px&#8221; header_3_text_color=&#8221;#0A6C7C&#8221; header_5_text_color=&#8221;#0A6C7C&#8221; global_colors_info=&#8221;{}&#8221;]<\/p>\n<h2>Blog estrat\u00e8gic per a la teva p\u00e0gina web<\/h2>\n<h5><strong>Des de 120\u20ac+IVA<\/strong><\/h5>\n<p><strong>Necessites atreure m\u00e9s visitants la teva p\u00e0gina web?, vols apar\u00e8ixer en les primeres posicions en els cercadors?<\/strong> En CoMsentido t&#8217;oferim la creaci\u00f3 i gesti\u00f3 d&#8217;un blog perqu\u00e8 aconsegueixis els teus objectius.<\/p>\n<p><strong>Les empreses que disposen d&#8217;un blog tenen un 55% m\u00e9s de visites en la seva p\u00e0gina web<\/strong> i, a m\u00e9s, un 47% dels compradors abans d&#8217;adquirir un producte o servei miraran el contingut del blog.<\/p>\n<p><strong>En CoMsentido creem una estrat\u00e8gia de m\u00e0rqueting de continguts<\/strong> per a millorar el teu posicionament en cercadors, ajudar-te a fidelitzar clients, guanyar visibilitat i a augmentar el tr\u00e0nsit a la teva p\u00e0gina web.<\/p>\n<h4>Podem encarregar-nos del blog de la teva p\u00e0gina web<\/h4>\n<ul>\n<li><strong>Disseny i creaci\u00f3 de l&#8217;estrat\u00e8gia de M\u00e0rqueting de Continguts:<\/strong> analitzem i dissenyem la millor estrat\u00e8gia que t&#8217;ajudi a atreure i convertir clients per a la teva marca.<\/li>\n<li><strong>Planificaci\u00f3 i creaci\u00f3 de continguts:<\/strong> creem un calendari editorial per al teu negoci i redactem els continguts del teu blog tenint en compte les \u00faltimes t\u00e8cniques de Copywriting, la redacci\u00f3 per a millorar el posicionament SEU i els valors de la teva marca.<\/li>\n<\/ul>\n<p><strong>Est\u00e0s pensant en una altra mena de servei? <a href=\"mailto:marta@comsentido.es\">Contacta con nosotros<\/a> i explica&#8217;ns qu\u00e8 t&#8217;agradaria fer en el teu blog.<br \/><\/strong><\/p>\n<p>[\/et_pb_text][\/et_pb_column][\/et_pb_row][\/et_pb_section][et_pb_section fb_built=&#8221;1&#8243; module_id=&#8221;creaci\u00f3n&#8221; module_class=&#8221;creaci\u00f3n&#8221; _builder_version=&#8221;4.16&#8243; _module_preset=&#8221;default&#8221; background_color=&#8221;#E7E0D6&#8243; background_image=&#8221;https:\/\/comsentido.es\/wp-content\/uploads\/2021\/05\/fondos_comsentido_web-3.png&#8221; custom_padding=&#8221;36px||36px||true|&#8221; global_colors_info=&#8221;{}&#8221;][et_pb_row column_structure=&#8221;3_5,2_5&#8243; _builder_version=&#8221;4.16&#8243; _module_preset=&#8221;default&#8221; min_height=&#8221;174px&#8221; global_colors_info=&#8221;{}&#8221;][et_pb_column type=&#8221;3_5&#8243; _builder_version=&#8221;4.16&#8243; _module_preset=&#8221;default&#8221; global_colors_info=&#8221;{}&#8221;][et_pb_text _builder_version=&#8221;4.16&#8243; _module_preset=&#8221;default&#8221; text_font=&#8221;Poppins|300|||||||&#8221; text_font_size=&#8221;16px&#8221; header_2_font_size=&#8221;28px&#8221; header_3_text_color=&#8221;#0A6C7C&#8221; header_5_text_color=&#8221;#0A6C7C&#8221; global_colors_info=&#8221;{}&#8221;]<\/p>\n<h2>Disseny de p\u00e0gines web<\/h2>\n<h5><strong>Des de 890\u20ac+IVA<\/strong><\/h5>\n<p><strong>Vols crear una p\u00e0gina web professional?<\/strong> Tens una p\u00e0gina molt desactualitzada i vols adaptar-la a les tend\u00e8ncies actuals? En CoMsentido t&#8217;ajudem a crear la teva p\u00e0gina web que representi 100% la teva marca.<\/p>\n<blockquote>\n<p><strong>Una p\u00e0gina web ha de representar els valors de la teva marca perqu\u00e8 quan potencials clients arribin a ella s&#8217;emportin la millor impressi\u00f3 del teu negoci.<\/strong><\/p>\n<\/blockquote>\n<p>Encara no tens p\u00e0gina web? Tens una web antiga i desactualitzada? <strong>T&#8217;ajudem la web que necessites per a atreure i conquistar a futurs clients:<\/strong><\/p>\n<ul>\n<li><strong>Creem la teva p\u00e0gina web<\/strong> on podr\u00e0s ensenyar les millors fotografies del teu negoci tur\u00edstic, comunicar les teves promocions, mostrar ressenyes publicades per clients i tot el que necessitis.<\/li>\n<li><strong>Dissenyem el teu Ecommerce o botiga en l\u00ednia<\/strong> a mesura amb WordPress i a m\u00e9s ens encarreguem de la redacci\u00f3 dels textos, posicionament SEU i molt m\u00e9s.<\/li>\n<\/ul>\n<p>No ho dubtis m\u00e9s i <a href=\"mailto:marta@comsentido.es\">contacta amb nosaltres<\/a> per a comen\u00e7ar amb la creaci\u00f3 de la teva p\u00e0gina web. A m\u00e9s<strong> una vegada creada la p\u00e0gina, nosaltres ens encarreguem del manteniment<\/strong> perqu\u00e8 aix\u00ed el teu continu\u00efs ocupant-te del que realment importa; el teu negoci i nosaltres de la teva p\u00e0gina web.<\/p>\n<p>[\/et_pb_text][\/et_pb_column][et_pb_column type=&#8221;2_5&#8243; _builder_version=&#8221;4.16&#8243; _module_preset=&#8221;default&#8221; global_colors_info=&#8221;{}&#8221;][et_pb_image src=&#8221;https:\/\/comsentido.es\/wp-content\/uploads\/2021\/05\/pagina-web-sector-servicios_CoMsentido.png&#8221; alt=&#8221;p\u00e1gina-web-sector-servicios_CoMsentido&#8221; title_text=&#8221;p\u00e1gina-web-sector-servicios_CoMsentido&#8221; _builder_version=&#8221;4.16&#8243; _module_preset=&#8221;default&#8221; global_colors_info=&#8221;{}&#8221;][\/et_pb_image][\/et_pb_column][\/et_pb_row][\/et_pb_section][et_pb_section fb_built=&#8221;1&#8243; module_id=&#8221;ads&#8221; module_class=&#8221;ads&#8221; _builder_version=&#8221;4.16&#8243; _module_preset=&#8221;default&#8221; background_color=&#8221;#FFFFFF&#8221; background_image=&#8221;https:\/\/comsentido.es\/wp-content\/uploads\/2021\/05\/RESTILING-WEB-COMSenTIDO-60.png&#8221; custom_padding=&#8221;29px||44px|||&#8221; global_colors_info=&#8221;{}&#8221;][et_pb_row column_structure=&#8221;2_5,3_5&#8243; _builder_version=&#8221;4.16&#8243; _module_preset=&#8221;default&#8221; global_colors_info=&#8221;{}&#8221;][et_pb_column type=&#8221;2_5&#8243; _builder_version=&#8221;4.16&#8243; _module_preset=&#8221;default&#8221; global_colors_info=&#8221;{}&#8221;][et_pb_image src=&#8221;https:\/\/comsentido.es\/wp-content\/uploads\/2021\/05\/newsletter_emailmarketing_comsentido.png&#8221; alt=&#8221;newsletter-email-marketing_CoMsentido&#8221; title_text=&#8221;newsletter-email-marketing_CoMsentido&#8221; _builder_version=&#8221;4.16&#8243; _module_preset=&#8221;default&#8221; global_colors_info=&#8221;{}&#8221;][\/et_pb_image][\/et_pb_column][et_pb_column type=&#8221;3_5&#8243; _builder_version=&#8221;4.16&#8243; _module_preset=&#8221;default&#8221; global_colors_info=&#8221;{}&#8221;][et_pb_text _builder_version=&#8221;4.16&#8243; _module_preset=&#8221;default&#8221; text_font=&#8221;Poppins|300|||||||&#8221; text_font_size=&#8221;16px&#8221; header_2_font_size=&#8221;28px&#8221; header_3_text_color=&#8221;#0A6C7C&#8221; header_5_text_color=&#8221;#0A6C7C&#8221; global_colors_info=&#8221;{}&#8221;]<\/p>\n<h2><strong>Newsletter i e-mail m\u00e0rqueting<\/strong><\/h2>\n<h5><strong>Des de 55\u20ac+IVA<\/strong><\/h5>\n<p><strong>Vols comen\u00e7ar amb l&#8217;email m\u00e0rqueting, per\u00f2 no saps com fer-ho?<\/strong> Vols enviar una newsletter que aporti valor i generi confian\u00e7a a potencials clients? Vols fidelitzar als teus clients actuals perqu\u00e8 repeteixin any rere any?<\/p>\n<p>En CoMsentido <strong>creem els teus newsletters i campanyes d&#8217;email m\u00e0rqueting<\/strong> que t&#8217;ajudaran a situar-te en la ment del teu potencial client sovint compartint amb ells contingut de valor, ofertes del teu negoci o reclams tur\u00edstics.<\/p>\n<p><strong>En CoMsentido creem la teva campanya d&#8217;e-mail m\u00e0rqueting segons el que necessitis a cada moment:<\/strong><\/p>\n<ul>\n<li><strong>Lead magnets:<\/strong> T&#8217;ajudem a captar leads de potencials clients gr\u00e0cies a leads magnets units a un embut de vendes gr\u00e0cies a l&#8217;email m\u00e0rqueting.<\/li>\n<li><strong>Creem newsletters personalitzades<\/strong> que et permetin compartir valor, ofertes, descomptes, promocions i aconseguir que la teva lead es converteixi en client gr\u00e0cies als textos persuasius.<\/li>\n<\/ul>\n<p><strong>Cerques un altre tipus de servei d&#8217;email m\u00e0rqueting? <a href=\"mailto:marta@comsentido.es\">Contacta con nosotros<\/a> i explica&#8217;ns qu\u00e8 est\u00e0s buscant.<br \/><\/strong><\/p>\n<p>[\/et_pb_text][\/et_pb_column][\/et_pb_row][\/et_pb_section][et_pb_section fb_built=&#8221;1&#8243; _builder_version=&#8221;4.16&#8243; _module_preset=&#8221;default&#8221; background_color=&#8221;#DEAB8C&#8221; background_image=&#8221;https:\/\/comsentido.es\/wp-content\/uploads\/2021\/05\/COMSENTIDO-WEB-09-1.png&#8221; background_size=&#8221;contain&#8221; background_position=&#8221;center_left&#8221; background_blend=&#8221;color-dodge&#8221; min_height=&#8221;353px&#8221; custom_margin=&#8221;-13px|||||&#8221; custom_padding=&#8221;0px||0px||true|&#8221; global_colors_info=&#8221;{}&#8221;][et_pb_row column_structure=&#8221;1_2,1_2&#8243; _builder_version=&#8221;4.16&#8243; _module_preset=&#8221;default&#8221; global_colors_info=&#8221;{}&#8221;][et_pb_column type=&#8221;1_2&#8243; _builder_version=&#8221;4.16&#8243; _module_preset=&#8221;default&#8221; global_colors_info=&#8221;{}&#8221;][et_pb_text _builder_version=&#8221;4.16&#8243; _module_preset=&#8221;default&#8221; text_font_size=&#8221;20px&#8221; header_font_size=&#8221;32px&#8221; header_2_text_color=&#8221;#FFFFFF&#8221; header_2_font_size=&#8221;30px&#8221; header_2_line_height=&#8221;1.2em&#8221; global_colors_info=&#8221;{}&#8221;]<\/p>\n<h2>Vols que t&#8217;ajudem a donar visibilitat al teu negoci?<\/h2>\n<p><span data-contrast=\"auto\" xml:lang=\"CA-ES\" lang=\"CA-ES\" class=\"TextRun  BCX0 SCXW222616109\"><span class=\"NormalTextRun  BCX0 SCXW222616109\">Contacta amb nosaltres!<\/span><\/span><\/p>\n<p><span style=\"font-weight: 400;\"><span data-contrast=\"auto\" xml:lang=\"CA-ES\" lang=\"CA-ES\" class=\"TextRun  BCX0 SCXW222616109\"><span class=\"NormalTextRun  BCX0 SCXW222616109\">Escriu-nos a <\/span><\/span> <a href=\"mailto:marta@comsentido.es\">marta@comsentido.es<\/a> <span data-contrast=\"auto\" xml:lang=\"CA-ES\" lang=\"CA-ES\" class=\"TextRun SCXW199425015 BCX0\"><span class=\"NormalTextRun SCXW199425015 BCX0\">o reserva una primera assessoria gratu\u00efta amb nosaltres.<\/span><\/span><span class=\"EOP SCXW199425015 BCX0\" data-ccp-props=\"{&quot;201341983&quot;:0,&quot;335559739&quot;:160,&quot;335559740&quot;:259}\">\u00a0<\/span><\/span><\/p>\n<p>[\/et_pb_text][\/et_pb_column][et_pb_column type=&#8221;1_2&#8243; _builder_version=&#8221;4.16&#8243; _module_preset=&#8221;default&#8221; global_colors_info=&#8221;{}&#8221;][et_pb_code _builder_version=&#8221;4.23.1&#8243; _module_preset=&#8221;default&#8221; background_color=&#8221;RGBA(0,0,0,0)&#8221; hover_enabled=&#8221;0&#8243; global_colors_info=&#8221;{}&#8221; sticky_enabled=&#8221;0&#8243;]<\/p>\n<div class=\"tidycal-embed\" data-path=\"comsentido\/assessoria-gratuita\"><\/div>\n<p><script src=\"https:\/\/asset-tidycal.b-cdn.net\/js\/embed.js\" async><\/script>[\/et_pb_code][\/et_pb_column][\/et_pb_row][\/et_pb_section]<\/p>\n","protected":false},"excerpt":{"rendered":"<p>M\u00e0rqueting Tur\u00edstic T&#8217;oferim les millors solucions de m\u00e0rqueting per al teu negoci tur\u00edstic La visibilitat \u00e9s clau per a les empreses del sector del turisme per a poder aconseguir atreure a potencials clients temporada rere temporada, t&#8217;ajudem a aconseguir-ho!S&#8217;acosta la temporada en temps diferents (i dif\u00edcils) Comptar amb una estrat\u00e8gia de M\u00e0rqueting Digital \u00e9s essencial [&hellip;]<\/p>\n","protected":false},"author":1,"featured_media":0,"parent":4233,"menu_order":0,"comment_status":"closed","ping_status":"closed","template":"","meta":{"_et_pb_use_builder":"on","_et_pb_old_content":"","_et_gb_content_width":"","footnotes":""},"class_list":["post-3941","page","type-page","status-publish","hentry"],"aioseo_notices":[],"_links":{"self":[{"href":"https:\/\/comsentido.es\/ca\/wp-json\/wp\/v2\/pages\/3941","targetHints":{"allow":["GET"]}}],"collection":[{"href":"https:\/\/comsentido.es\/ca\/wp-json\/wp\/v2\/pages"}],"about":[{"href":"https:\/\/comsentido.es\/ca\/wp-json\/wp\/v2\/types\/page"}],"author":[{"embeddable":true,"href":"https:\/\/comsentido.es\/ca\/wp-json\/wp\/v2\/users\/1"}],"replies":[{"embeddable":true,"href":"https:\/\/comsentido.es\/ca\/wp-json\/wp\/v2\/comments?post=3941"}],"version-history":[{"count":0,"href":"https:\/\/comsentido.es\/ca\/wp-json\/wp\/v2\/pages\/3941\/revisions"}],"up":[{"embeddable":true,"href":"https:\/\/comsentido.es\/ca\/wp-json\/wp\/v2\/pages\/4233"}],"wp:attachment":[{"href":"https:\/\/comsentido.es\/ca\/wp-json\/wp\/v2\/media?parent=3941"}],"curies":[{"name":"wp","href":"https:\/\/api.w.org\/{rel}","templated":true}]}}