{"id":3818,"date":"2021-05-18T09:40:41","date_gmt":"2021-05-18T07:40:41","guid":{"rendered":"https:\/\/comsentido.es\/?page_id=3818"},"modified":"2024-12-12T09:41:25","modified_gmt":"2024-12-12T08:41:25","slug":"assesories-mentories-i-formacions","status":"publish","type":"page","link":"https:\/\/comsentido.es\/ca\/assesories-mentories-i-formacions\/","title":{"rendered":"Assesories, mentories i formacions"},"content":{"rendered":"<p>[et_pb_section fb_built=&#8221;1&#8243; _builder_version=&#8221;4.16&#8243; _module_preset=&#8221;default&#8221; background_image=&#8221;https:\/\/comsentido.es\/wp-content\/uploads\/2021\/05\/RESTILING-WEB-COMSenTIDO_Mesa-de-trabajo-1-copia-12.png&#8221; custom_padding=&#8221;30px||30px||true|&#8221; global_colors_info=&#8221;{}&#8221;][et_pb_row _builder_version=&#8221;4.16&#8243; _module_preset=&#8221;default&#8221; custom_padding=&#8221;||5px|||&#8221; global_colors_info=&#8221;{}&#8221;][et_pb_column type=&#8221;4_4&#8243; _builder_version=&#8221;4.16&#8243; _module_preset=&#8221;default&#8221; global_colors_info=&#8221;{}&#8221;][et_pb_text _builder_version=&#8221;4.16&#8243; _module_preset=&#8221;default&#8221; text_font=&#8221;Poppins||||||||&#8221; text_text_color=&#8221;#8F0033&#8243; text_font_size=&#8221;30px&#8221; header_font_size=&#8221;40px&#8221; global_colors_info=&#8221;{}&#8221;]<\/p>\n<h1 aria-level=\"1\" style=\"text-align: center;\"><span>Assessories, mentories i formacions<\/span><\/h1>\n<p>[\/et_pb_text][\/et_pb_column][\/et_pb_row][et_pb_row _builder_version=&#8221;4.16&#8243; _module_preset=&#8221;default&#8221; custom_margin=&#8221;-2px|auto|0px|auto||&#8221; custom_padding=&#8221;12px|||||&#8221; global_colors_info=&#8221;{}&#8221;][et_pb_column type=&#8221;4_4&#8243; _builder_version=&#8221;4.16&#8243; _module_preset=&#8221;default&#8221; global_colors_info=&#8221;{}&#8221;][et_pb_text _builder_version=&#8221;4.16&#8243; _module_preset=&#8221;default&#8221; text_font=&#8221;Poppins|300|||||||&#8221; text_text_color=&#8221;#0A6C7C&#8221; text_font_size=&#8221;19px&#8221; text_line_height=&#8221;1.4em&#8221; header_font=&#8221;Poppins||||||||&#8221; header_2_text_color=&#8221;#07294C&#8221; header_2_font_size=&#8221;30px&#8221; header_3_font=&#8221;Poppins|300|||||||&#8221; header_3_text_color=&#8221;#07294C&#8221; header_3_font_size=&#8221;24px&#8221; header_3_line_height=&#8221;1.2em&#8221; custom_margin=&#8221;||-3px|||&#8221; global_colors_info=&#8221;{}&#8221;]<\/p>\n<h2 style=\"text-align: center;\"><span data-contrast=\"none\" xml:lang=\"CA-ES\" lang=\"CA-ES\" class=\"TextRun  BCX0 SCXW132778753\"><span class=\"NormalTextRun  BCX0 SCXW132778753\">T&#8217;acompanyem pas a pas per aconseguir els teus objectius<\/span><\/span><\/h2>\n<h3 style=\"text-align: center;\"><span data-contrast=\"none\" xml:lang=\"CA-ES\" lang=\"CA-ES\" class=\"TextRun  BCX0 SCXW132778753\"><span class=\"NormalTextRun  BCX0 SCXW132778753\">Ens reunim de manera peri\u00f2dica o puntual per resoldre els teus dubtes, formar-te i donar-li al teu negoci l&#8217;impuls que necessita.<\/span><\/span><span class=\"LineBreakBlob BlobObject DragDrop  BCX0 SCXW132778753\"><span class=\"BCX0 SCXW132778753\">\u00a0<\/span><br class=\"BCX0 SCXW132778753\" \/><\/span><\/h3>\n<p>[\/et_pb_text][\/et_pb_column][\/et_pb_row][\/et_pb_section][et_pb_section fb_built=&#8221;1&#8243; _builder_version=&#8221;4.16&#8243; _module_preset=&#8221;default&#8221; background_color=&#8221;#FFFFFF&#8221; background_image=&#8221;https:\/\/comsentido.es\/wp-content\/uploads\/2021\/05\/fondos_comsentido_web-3.png&#8221; custom_padding=&#8221;27px||27px||true|&#8221; global_colors_info=&#8221;{}&#8221;][et_pb_row column_structure=&#8221;1_4,1_4,1_4,1_4&#8243; _builder_version=&#8221;4.16&#8243; _module_preset=&#8221;default&#8221; global_colors_info=&#8221;{}&#8221;][et_pb_column type=&#8221;1_4&#8243; _builder_version=&#8221;4.16&#8243; _module_preset=&#8221;default&#8221; global_colors_info=&#8221;{}&#8221;][et_pb_text _builder_version=&#8221;4.16&#8243; _module_preset=&#8221;default&#8221; text_font=&#8221;|300|||||||&#8221; text_text_color=&#8221;#07294C&#8221; text_font_size=&#8221;20px&#8221; text_orientation=&#8221;center&#8221; link_option_url=&#8221;https:\/\/comsentido.es\/marketing-digital\/asesorias-mentorias-y-consultorias-de-marketing\/#asesoria&#8221; global_colors_info=&#8221;{}&#8221;]<\/p>\n<h2><strong>Assessories estrat\u00e8giques<\/strong><\/h2>\n<p>[\/et_pb_text][et_pb_image src=&#8221;https:\/\/comsentido.es\/wp-content\/uploads\/2021\/05\/asesoria-estrategica_comsentido.png&#8221; title_text=&#8221;asesoria-estrategica_comsentido&#8221; url=&#8221;https:\/\/comsentido.es\/marketing-digital\/asesorias-mentorias-y-consultorias-de-marketing\/#asesoria&#8221; align=&#8221;center&#8221; _builder_version=&#8221;4.16&#8243; _module_preset=&#8221;default&#8221; width=&#8221;73%&#8221; custom_margin=&#8221;-4px||-4px||true|false&#8221; global_colors_info=&#8221;{}&#8221;][\/et_pb_image][\/et_pb_column][et_pb_column type=&#8221;1_4&#8243; _builder_version=&#8221;4.16&#8243; _module_preset=&#8221;default&#8221; global_colors_info=&#8221;{}&#8221;][et_pb_text _builder_version=&#8221;4.16&#8243; _module_preset=&#8221;default&#8221; text_font=&#8221;|300|||||||&#8221; text_text_color=&#8221;#07294C&#8221; text_font_size=&#8221;20px&#8221; text_orientation=&#8221;center&#8221; link_option_url=&#8221;https:\/\/comsentido.es\/marketing-digital\/asesorias-mentorias-y-consultorias-de-marketing\/#consultoria&#8221; global_colors_info=&#8221;{}&#8221;]<\/p>\n<h2><strong>Consultories de M\u00e0rqueting<\/strong><\/h2>\n<p>[\/et_pb_text][et_pb_image src=&#8221;https:\/\/comsentido.es\/wp-content\/uploads\/2021\/05\/consultoria-de-marketing_comsentido.png&#8221; alt=&#8221;consultoria-de-marketing_comsentido&#8221; title_text=&#8221;consultoria-de-marketing_comsentido&#8221; url=&#8221;https:\/\/comsentido.es\/marketing-digital\/asesorias-mentorias-y-consultorias-de-marketing\/#consultoria&#8221; align=&#8221;center&#8221; _builder_version=&#8221;4.16&#8243; _module_preset=&#8221;default&#8221; width=&#8221;73%&#8221; custom_margin=&#8221;-4px||-4px||true|false&#8221; global_colors_info=&#8221;{}&#8221;][\/et_pb_image][\/et_pb_column][et_pb_column type=&#8221;1_4&#8243; _builder_version=&#8221;4.16&#8243; _module_preset=&#8221;default&#8221; global_colors_info=&#8221;{}&#8221;][et_pb_text _builder_version=&#8221;4.16&#8243; _module_preset=&#8221;default&#8221; text_font=&#8221;|300|||||||&#8221; text_text_color=&#8221;#07294C&#8221; text_font_size=&#8221;20px&#8221; header_2_font_size=&#8221;23px&#8221; text_orientation=&#8221;center&#8221; custom_margin=&#8221;|-3px||-14px||&#8221; link_option_url=&#8221;https:\/\/comsentido.es\/marketing-digital\/asesorias-mentorias-y-consultorias-de-marketing\/#mentoria&#8221; global_colors_info=&#8221;{}&#8221;]<\/p>\n<h2><strong>Mentories\u00a0per a emprenedores<\/strong><\/h2>\n<p>[\/et_pb_text][et_pb_image src=&#8221;https:\/\/comsentido.es\/wp-content\/uploads\/2021\/05\/menorias-para-emprendedoras_comsentido.png&#8221; alt=&#8221;mentor\u00edas-para-emprendedoras_comsentido&#8221; title_text=&#8221;mentor\u00edas-para-emprendedoras_comsentido&#8221; url=&#8221;https:\/\/comsentido.es\/marketing-digital\/asesorias-mentorias-y-consultorias-de-marketing\/#mentoria&#8221; align=&#8221;center&#8221; _builder_version=&#8221;4.16&#8243; _module_preset=&#8221;default&#8221; width=&#8221;73%&#8221; custom_margin=&#8221;-4px||-4px||true|false&#8221; global_colors_info=&#8221;{}&#8221;][\/et_pb_image][\/et_pb_column][et_pb_column type=&#8221;1_4&#8243; _builder_version=&#8221;4.16&#8243; _module_preset=&#8221;default&#8221; global_colors_info=&#8221;{}&#8221;][et_pb_text _builder_version=&#8221;4.16&#8243; _module_preset=&#8221;default&#8221; text_font=&#8221;|300|||||||&#8221; text_text_color=&#8221;#07294C&#8221; text_font_size=&#8221;20px&#8221; text_orientation=&#8221;center&#8221; link_option_url=&#8221;https:\/\/comsentido.es\/marketing-digital\/asesorias-mentorias-y-consultorias-de-marketing\/#formaciones&#8221; global_colors_info=&#8221;{}&#8221;]<\/p>\n<h2><strong>Formacions in company<\/strong><\/h2>\n<p>[\/et_pb_text][et_pb_image src=&#8221;https:\/\/comsentido.es\/wp-content\/uploads\/2021\/05\/formaciones-marketing-in-company_comsentido.png&#8221; alt=&#8221;formaciones-marketing-in-company_comsentido&#8221; title_text=&#8221;formaciones-marketing-in-company_comsentido&#8221; url=&#8221;https:\/\/comsentido.es\/marketing-digital\/asesorias-mentorias-y-consultorias-de-marketing\/#formaciones&#8221; align=&#8221;center&#8221; _builder_version=&#8221;4.16&#8243; _module_preset=&#8221;default&#8221; width=&#8221;73%&#8221; custom_margin=&#8221;-4px||-4px||true|false&#8221; global_colors_info=&#8221;{}&#8221;][\/et_pb_image][\/et_pb_column][\/et_pb_row][\/et_pb_section][et_pb_section fb_built=&#8221;1&#8243; module_id=&#8221;asesoria&#8221; module_class=&#8221;asesoria&#8221; _builder_version=&#8221;4.16&#8243; _module_preset=&#8221;default&#8221; background_color=&#8221;#DEAB8C&#8221; background_image=&#8221;https:\/\/comsentido.es\/wp-content\/uploads\/2021\/05\/RESTILING-WEB-COMSenTIDO-60.png&#8221; custom_padding=&#8221;||26px|||&#8221; global_colors_info=&#8221;{}&#8221;][et_pb_row _builder_version=&#8221;4.16&#8243; _module_preset=&#8221;default&#8221; global_colors_info=&#8221;{}&#8221;][et_pb_column type=&#8221;4_4&#8243; _builder_version=&#8221;4.16&#8243; _module_preset=&#8221;default&#8221; global_colors_info=&#8221;{}&#8221;][et_pb_text _builder_version=&#8221;4.16&#8243; _module_preset=&#8221;default&#8221; text_font=&#8221;Poppins||||||||&#8221; text_text_color=&#8221;#07294C&#8221; text_font_size=&#8221;16px&#8221; header_2_font_size=&#8221;28px&#8221; header_2_line_height=&#8221;1.2em&#8221; global_colors_info=&#8221;{}&#8221;]<\/p>\n<h2 style=\"text-align: left;\"><span>Assessories estrat\u00e8giques<\/span> de M\u00e0rqueting<\/h2>\n<p style=\"text-align: left;\">145\u20ac+IVA<\/p>\n<p><span data-contrast=\"none\" xml:lang=\"CA-ES\" lang=\"CA-ES\" class=\"TextRun  BCX0 SCXW77846842\"><span class=\"NormalTextRun  BCX0 SCXW77846842\">Si necessites treballar m\u00e0 en m\u00e0 amb un professional del m\u00e0rqueting per <strong>ajudar-te a posar \u00e8mfasi a les \u00e0rees del teu negoci<\/strong> que costen m\u00e9s, les assessories estrat\u00e8giques s\u00f3n la teva millor opci\u00f3.<\/span><\/span><\/p>\n<p><span data-contrast=\"none\" xml:lang=\"CA-ES\" lang=\"CA-ES\" class=\"TextRun  BCX0 SCXW222901483\"><span class=\"NormalTextRun  BCX0 SCXW222901483\">Aprendr\u00e0s a treballar i establirem els millors objectius per tu i la teva empresa en mans de Marta Serrano, experta en m\u00e0rqueting digital.<\/span><\/span><\/p>\n<p>[\/et_pb_text][\/et_pb_column][\/et_pb_row][et_pb_row column_structure=&#8221;1_2,1_2&#8243; _builder_version=&#8221;4.16&#8243; _module_preset=&#8221;default&#8221; custom_padding=&#8221;20px|||||&#8221; global_colors_info=&#8221;{}&#8221;][et_pb_column type=&#8221;1_2&#8243; _builder_version=&#8221;4.16&#8243; _module_preset=&#8221;default&#8221; global_colors_info=&#8221;{}&#8221;][et_pb_text _builder_version=&#8221;4.16&#8243; _module_preset=&#8221;default&#8221; text_font=&#8221;Poppins|300|||||||&#8221; text_font_size=&#8221;15px&#8221; global_colors_info=&#8221;{}&#8221;]<\/p>\n<h3><span>Per qu\u00e8 serveixen les assessories estrat\u00e8giques?<\/span><\/h3>\n<p><span><strong>Si necessites escalar en el teu negoci<\/strong>, plantejar l&#8217;estrat\u00e8gia de m\u00e0rqueting de la teva empresa, revisar i optimitzar les accions que actualment est\u00e0s realitzant, <strong>aprendre a automatitzar o buscar noves maneres de rendibilitzar la teva marca,<\/strong> les assessories estrat\u00e8giques s\u00f3n ideals per a tu.<\/span><\/p>\n<p><span>Podrem treballar els temes que m\u00e9s t&#8217;interessin: automatitzaci\u00f3, email m\u00e0rqueting, mitj\u00e0 social m\u00e0rqueting, embuts de venda, llan\u00e7aments, posicionament org\u00e0nic, campanyes de tr\u00e0nsit en l\u00ednia\u2026<strong> ens adaptem al que necessitis a cada moment!<\/strong><\/span><\/p>\n<p>[\/et_pb_text][et_pb_image src=&#8221;https:\/\/comsentido.es\/wp-content\/uploads\/2021\/05\/icono-asesoria-estrategica-CoMsentido.png&#8221; alt=&#8221;icono-asesoria-estrat\u00e9gica-CoMsentido&#8221; title_text=&#8221;icono-asesoria-estrat\u00e9gica-CoMsentido&#8221; align=&#8221;center&#8221; _builder_version=&#8221;4.16&#8243; _module_preset=&#8221;default&#8221; global_colors_info=&#8221;{}&#8221;][\/et_pb_image][\/et_pb_column][et_pb_column type=&#8221;1_2&#8243; _builder_version=&#8221;4.16&#8243; _module_preset=&#8221;default&#8221; global_colors_info=&#8221;{}&#8221;][et_pb_image src=&#8221;https:\/\/comsentido.es\/wp-content\/uploads\/2021\/05\/iconos_asesorias_marketing_comsentido-1.png&#8221; alt=&#8221;asesoria-estrategica_comsentido&#8221; title_text=&#8221;asesoria-estrategica_comsentido&#8221; align=&#8221;center&#8221; disabled_on=&#8221;on|off|off&#8221; _builder_version=&#8221;4.16&#8243; _module_preset=&#8221;default&#8221; global_colors_info=&#8221;{}&#8221;][\/et_pb_image][et_pb_text _builder_version=&#8221;4.16&#8243; _module_preset=&#8221;default&#8221; text_font=&#8221;Poppins|300|||||||&#8221; text_font_size=&#8221;15px&#8221; global_colors_info=&#8221;{}&#8221;]<\/p>\n<h3>\u00bfQu\u00e9 obtendr\u00e1s en una asesor\u00eda estrat\u00e9gica?<\/h3>\n<ul>\n<li><span data-contrast=\"none\">Q\u00fcestionari previ per definir els remes que vols que tractem i ser m\u00e9s eficients amb la reuni\u00f3<\/span><span data-ccp-props=\"{&quot;134233279&quot;:true,&quot;201341983&quot;:0,&quot;335559737&quot;:567,&quot;335559739&quot;:160,&quot;335559740&quot;:259}\">\u00a0<\/span><\/li>\n<li><span data-contrast=\"none\">Sessi\u00f3 de 90 minuts per Zoom amb Marta Serrano, CEO de CoMsentido.<\/span><span data-ccp-props=\"{&quot;134233279&quot;:true,&quot;201341983&quot;:0,&quot;335559737&quot;:567,&quot;335559739&quot;:160,&quot;335559740&quot;:259}\">\u00a0<\/span><\/li>\n<li><span data-contrast=\"none\">Entrega d&#8217;un informe final amb conclusions de la sessi\u00f3 i full de ruta.<\/span><span data-ccp-props=\"{&quot;134233279&quot;:true,&quot;201341983&quot;:0,&quot;335559737&quot;:567,&quot;335559739&quot;:160,&quot;335559740&quot;:259}\">\u00a0<\/span><\/li>\n<li><span data-contrast=\"none\">Gravaci\u00f3 de l&#8217;assessoria<\/span><\/li>\n<li data-leveltext=\"-\" data-font=\"Calibri\" data-listid=\"7\" aria-setsize=\"-1\" data-aria-posinset=\"1\" data-aria-level=\"1\"><span data-contrast=\"none\"><span>Kit d&#8217;eines amb lectura recomanada, v\u00eddeos i formacions per poder aconseguir el teu objectiu.<\/span><\/span><span data-ccp-props=\"{&quot;134233279&quot;:true,&quot;201341983&quot;:0,&quot;335559737&quot;:567,&quot;335559739&quot;:160,&quot;335559740&quot;:259}\">\u00a0<\/span><\/li>\n<li data-leveltext=\"-\" data-font=\"Calibri\" data-listid=\"7\" aria-setsize=\"-1\" data-aria-posinset=\"2\" data-aria-level=\"1\"><span data-contrast=\"none\"><span>Reunions de 20 minuts de seguiment per revisar si s&#8217;han aconseguit els objectius.<\/span><\/span><span><span>\u00a0<\/span><br \/><\/span><span data-ccp-props=\"{&quot;134233279&quot;:true,&quot;201341983&quot;:0,&quot;335559737&quot;:567,&quot;335559739&quot;:160,&quot;335559740&quot;:259}\">\u00a0<\/span><\/li>\n<\/ul>\n<p>[\/et_pb_text][\/et_pb_column][\/et_pb_row][\/et_pb_section][et_pb_section fb_built=&#8221;1&#8243; module_id=&#8221;consultoria&#8221; module_class=&#8221;consultoria&#8221; _builder_version=&#8221;4.16&#8243; _module_preset=&#8221;default&#8221; background_color=&#8221;#E7E0D6&#8243; background_image=&#8221;https:\/\/comsentido.es\/wp-content\/uploads\/2021\/05\/COMSENTIDOEVENTOS-59.png&#8221; custom_padding=&#8221;||26px|||&#8221; global_colors_info=&#8221;{}&#8221;][et_pb_row _builder_version=&#8221;4.16&#8243; _module_preset=&#8221;default&#8221; global_colors_info=&#8221;{}&#8221;][et_pb_column type=&#8221;4_4&#8243; _builder_version=&#8221;4.16&#8243; _module_preset=&#8221;default&#8221; global_colors_info=&#8221;{}&#8221;][et_pb_text _builder_version=&#8221;4.16&#8243; _module_preset=&#8221;default&#8221; text_font=&#8221;Poppins||||||||&#8221; text_text_color=&#8221;#07294C&#8221; text_font_size=&#8221;16px&#8221; header_2_font_size=&#8221;28px&#8221; header_2_line_height=&#8221;1.2em&#8221; global_colors_info=&#8221;{}&#8221;]<\/p>\n<h2 style=\"text-align: left;\">Consultoria de m\u00e0rqueting<\/h2>\n<p style=\"text-align: left;\">75\u20ac+IVA<\/p>\n<p><span data-contrast=\"none\" xml:lang=\"CA-ES\" lang=\"CA-ES\" class=\"TextRun  BCX0 SCXW86586661\"><span class=\"NormalTextRun  BCX0 SCXW86586661\">Si tens un dubte concret sobre m\u00e0rqueting, automatitzacions,<span>\u00a0<\/span><\/span><\/span><span data-contrast=\"none\" xml:lang=\"CA-ES\" lang=\"CA-ES\" class=\"TextRun  BCX0 SCXW86586661\"><span class=\"NormalTextRun SpellingErrorV2  BCX0 SCXW86586661\">email<\/span><\/span><span data-contrast=\"none\" xml:lang=\"CA-ES\" lang=\"CA-ES\" class=\"TextRun  BCX0 SCXW86586661\"><span class=\"NormalTextRun  BCX0 SCXW86586661\"><span>\u00a0<\/span>m\u00e0rqueting, xarxes socials, embuts de<span>\u00a0<\/span><\/span><\/span><span data-contrast=\"none\" xml:lang=\"CA-ES\" lang=\"CA-ES\" class=\"TextRun  BCX0 SCXW86586661\"><span class=\"NormalTextRun SpellingErrorV2  BCX0 DefaultHighlightTransition SCXW86586661\">Facebook<\/span><\/span><span data-contrast=\"none\" xml:lang=\"CA-ES\" lang=\"CA-ES\" class=\"TextRun  BCX0 SCXW86586661\"><span class=\"NormalTextRun  BCX0 SCXW86586661\"><span>\u00a0<\/span><\/span><\/span><span data-contrast=\"none\" xml:lang=\"CA-ES\" lang=\"CA-ES\" class=\"TextRun  BCX0 SCXW86586661\"><span class=\"NormalTextRun SpellingErrorV2  BCX0 SCXW86586661\">Ads<\/span><\/span><span data-contrast=\"none\" xml:lang=\"CA-ES\" lang=\"CA-ES\" class=\"TextRun  BCX0 SCXW86586661\"><span class=\"NormalTextRun  BCX0 SCXW86586661\"><span>\u00a0<\/span>o qualsevol altra tem\u00e0tica de la nostra \u00e0rea, pots reservar una consultoria de manera puntual. <strong>Parlarem de tots els temes que necessitis i resoldrem tots els dubtes que tinguis.<\/strong><\/span><\/span><span class=\"LineBreakBlob BlobObject DragDrop  BCX0 SCXW86586661\"><strong><span class=\"BCX0 SCXW86586661\">\u00a0<\/span><\/strong><br class=\"BCX0 SCXW86586661\" \/><\/span><\/p>\n<p><strong><span data-contrast=\"none\" xml:lang=\"CA-ES\" lang=\"CA-ES\" class=\"TextRun  BCX0 SCXW153538368\"><span class=\"NormalTextRun  BCX0 SCXW153538368\">L&#8217;opci\u00f3 de consultoria \u00e9s ideal si vols validar una idea, obtenir feedback sobre la teva estrat\u00e8gia de m\u00e0rqueting digital o recomanacions per seguir creixent amb el teu negoci.<\/span><\/span><\/strong><\/p>\n<p>[\/et_pb_text][\/et_pb_column][\/et_pb_row][et_pb_row column_structure=&#8221;1_2,1_2&#8243; _builder_version=&#8221;4.16&#8243; _module_preset=&#8221;default&#8221; custom_padding=&#8221;20px|||||&#8221; global_colors_info=&#8221;{}&#8221;][et_pb_column type=&#8221;1_2&#8243; _builder_version=&#8221;4.16&#8243; _module_preset=&#8221;default&#8221; global_colors_info=&#8221;{}&#8221;][et_pb_text _builder_version=&#8221;4.16&#8243; _module_preset=&#8221;default&#8221; text_font=&#8221;Poppins|300|||||||&#8221; text_font_size=&#8221;15px&#8221; global_colors_info=&#8221;{}&#8221;]<\/p>\n<h3><span data-contrast=\"none\" xml:lang=\"CA-ES\" lang=\"CA-ES\" class=\"TextRun SCXW227486258 BCX0\"><span class=\"NormalTextRun SCXW227486258 BCX0\">Qu\u00e8 inclou les consultories de m\u00e0rqueting?<\/span><\/span><\/h3>\n<ul>\n<li data-leveltext=\"-\" data-font=\"Calibri\" data-listid=\"8\" aria-setsize=\"-1\" data-aria-posinset=\"3\" data-aria-level=\"1\"><span data-contrast=\"none\"><strong>Q\u00fcestionari previ<\/strong> per definir els temes que vols que tractem i ser m\u00e9s eficients a l&#8217;hora de la reuni\u00f3<\/span><span data-ccp-props=\"{&quot;134233279&quot;:true,&quot;201341983&quot;:0,&quot;335559737&quot;:567,&quot;335559739&quot;:160,&quot;335559740&quot;:259}\">\u00a0<\/span><\/li>\n<li data-leveltext=\"-\" data-font=\"Calibri\" data-listid=\"8\" aria-setsize=\"-1\" data-aria-posinset=\"4\" data-aria-level=\"1\"><span data-contrast=\"none\"><strong>Sessi\u00f3 de 60 minuts<\/strong> via Zoom amb un expert de l&#8217;\u00e0rea que necessites de l&#8217;equip de CoMsentido<\/span><\/li>\n<li data-leveltext=\"-\" data-font=\"Calibri\" data-listid=\"8\" aria-setsize=\"-1\" data-aria-posinset=\"5\" data-aria-level=\"1\"><strong>Gravaci\u00f3 de la sessi\u00f3<\/strong><\/li>\n<li data-leveltext=\"-\" data-font=\"Calibri\" data-listid=\"8\" aria-setsize=\"-1\" data-aria-posinset=\"5\" data-aria-level=\"1\"><span data-contrast=\"none\"><strong>Entrega d&#8217;un informe final<\/strong> amb conclusions de la sessi\u00f3 i full de ruta.<\/span><span>\u00a0<br \/><\/span><span>\u00a0<br \/><\/span><\/li>\n<\/ul>\n<ul><\/ul>\n<p>[\/et_pb_text][\/et_pb_column][et_pb_column type=&#8221;1_2&#8243; _builder_version=&#8221;4.16&#8243; _module_preset=&#8221;default&#8221; global_colors_info=&#8221;{}&#8221;][et_pb_image src=&#8221;https:\/\/comsentido.es\/wp-content\/uploads\/2021\/05\/consultoria-marketing-CoMsentido.png&#8221; alt=&#8221;consultoria-marketing-CoMsentido&#8221; title_text=&#8221;consultoria-marketing-CoMsentido&#8221; align=&#8221;center&#8221; _builder_version=&#8221;4.16&#8243; _module_preset=&#8221;default&#8221; global_colors_info=&#8221;{}&#8221;][\/et_pb_image][\/et_pb_column][\/et_pb_row][\/et_pb_section][et_pb_section fb_built=&#8221;1&#8243; module_id=&#8221;mentoria&#8221; module_class=&#8221;mentoria&#8221; _builder_version=&#8221;4.16&#8243; _module_preset=&#8221;default&#8221; background_color=&#8221;#DEAB8C&#8221; background_image=&#8221;https:\/\/comsentido.es\/wp-content\/uploads\/2021\/05\/fondos_comsentido_web-3.png&#8221; background_size=&#8221;contain&#8221; background_position=&#8221;top_center&#8221; custom_padding=&#8221;||26px|||&#8221; global_colors_info=&#8221;{}&#8221;][et_pb_row _builder_version=&#8221;4.16&#8243; _module_preset=&#8221;default&#8221; global_colors_info=&#8221;{}&#8221;][et_pb_column type=&#8221;4_4&#8243; _builder_version=&#8221;4.16&#8243; _module_preset=&#8221;default&#8221; global_colors_info=&#8221;{}&#8221;][et_pb_text _builder_version=&#8221;4.16&#8243; _module_preset=&#8221;default&#8221; text_font=&#8221;Poppins||||||||&#8221; text_text_color=&#8221;#07294C&#8221; text_font_size=&#8221;16px&#8221; header_2_font_size=&#8221;28px&#8221; header_2_line_height=&#8221;1.2em&#8221; global_colors_info=&#8221;{}&#8221;]<\/p>\n<h2 style=\"text-align: left;\">Mentories per emprenedors<\/h2>\n<p style=\"text-align: left;\">Desde 340\u20ac+IVA al mes<\/p>\n<p><span data-contrast=\"none\" xml:lang=\"CA-ES\" lang=\"CA-ES\" class=\"TextRun  BCX0 SCXW188651685\"><span class=\"NormalTextRun  BCX0 SCXW188651685\">Vols que t&#8217;acompanyem en la teva emprenedoria?<strong> Amb les nostres mentories et guiarem en tots i cada un dels passos que necessites per aconseguir els objectius que tens marcats en el teu negoci.<\/strong><\/span><\/span><\/p>\n<p><span data-contrast=\"none\" xml:lang=\"CA-ES\" lang=\"CA-ES\" class=\"TextRun  BCX0 SCXW266972245\"><span class=\"NormalTextRun  BCX0 SCXW266972245\">Les mentories de CoMsentido s\u00f3n <strong>individuals<\/strong>, 1 to 1, ja que entenem que cada persona i cada marca necessita uns temps d&#8217;assessorament diferent.<\/span><\/span><span class=\"LineBreakBlob BlobObject DragDrop  BCX0 SCXW266972245\"><span class=\"BCX0 SCXW266972245\">\u00a0<\/span><br class=\"BCX0 SCXW266972245\" \/><\/span><span data-contrast=\"auto\" xml:lang=\"ES-ES\" lang=\"ES-ES\" class=\"TextRun EmptyTextRun  BCX0 SCXW266972245\"><\/span><span class=\"LineBreakBlob BlobObject DragDrop  BCX0 SCXW266972245\"><span class=\"BCX0 SCXW266972245\">\u00a0<\/span><br class=\"BCX0 SCXW266972245\" \/><\/span><\/p>\n<p><span data-contrast=\"none\" xml:lang=\"CA-ES\" lang=\"CA-ES\" class=\"TextRun  BCX0 SCXW195159836\"><span class=\"NormalTextRun  BCX0 SCXW195159836\">Depenent de cada cas, <strong>podem focalitzar les mentories en fer cr\u00e9ixer el teu negoci gr\u00e0cies al m\u00e0rqueting digital, o et formem perqu\u00e8 puguis dedicar-te al sector de forma professional.<\/strong><\/span><\/span><\/p>\n<p>[\/et_pb_text][\/et_pb_column][\/et_pb_row][et_pb_row column_structure=&#8221;1_2,1_2&#8243; _builder_version=&#8221;4.16&#8243; _module_preset=&#8221;default&#8221; custom_padding=&#8221;20px|||||&#8221; global_colors_info=&#8221;{}&#8221;][et_pb_column type=&#8221;1_2&#8243; _builder_version=&#8221;4.16&#8243; _module_preset=&#8221;default&#8221; global_colors_info=&#8221;{}&#8221;][et_pb_text _builder_version=&#8221;4.16&#8243; _module_preset=&#8221;default&#8221; text_font=&#8221;Poppins|300|||||||&#8221; text_font_size=&#8221;15px&#8221; global_colors_info=&#8221;{}&#8221;]<\/p>\n<h3><span data-contrast=\"none\" xml:lang=\"CA-ES\" lang=\"CA-ES\" class=\"TextRun SCXW32380757 BCX0\"><span class=\"NormalTextRun SCXW32380757 BCX0\">Per qui s\u00f3n les mentories?<\/span><\/span><\/h3>\n<ul>\n<li data-leveltext=\"-\" data-font=\"Calibri\" data-listid=\"9\" aria-setsize=\"-1\" data-aria-posinset=\"2\" data-aria-level=\"1\"><span data-contrast=\"none\">Per a <strong>emprenedors que estan comen\u00e7ant<\/strong> amb el seu negoci.<\/span><span data-ccp-props=\"{&quot;134233279&quot;:true,&quot;201341983&quot;:0,&quot;335559737&quot;:567,&quot;335559739&quot;:160,&quot;335559740&quot;:259}\">\u00a0<\/span><\/li>\n<li data-leveltext=\"-\" data-font=\"Calibri\" data-listid=\"9\" aria-setsize=\"-1\" data-aria-posinset=\"3\" data-aria-level=\"1\"><span data-contrast=\"none\">Per a <strong>marques petites que vulguin fer un pas m\u00e9s<\/strong> amb la seva empresa.<\/span><span data-ccp-props=\"{&quot;134233279&quot;:true,&quot;201341983&quot;:0,&quot;335559737&quot;:567,&quot;335559739&quot;:160,&quot;335559740&quot;:259}\">\u00a0<\/span><\/li>\n<li data-leveltext=\"-\" data-font=\"Calibri\" data-listid=\"9\" aria-setsize=\"-1\" data-aria-posinset=\"3\" data-aria-level=\"1\"><span data-contrast=\"none\">Per a <strong>passar d&#8217;emprenedoria a empres\u00e0ria.<\/strong><\/span><strong>\u00a0<\/strong><\/li>\n<li data-leveltext=\"-\" data-font=\"Calibri\" data-listid=\"9\" aria-setsize=\"-1\" data-aria-posinset=\"3\" data-aria-level=\"1\"><span data-contrast=\"none\">Per a <strong>emprenedors que vulguin desenvolupar un projecte empresarial a llarg termini.<\/strong><\/span><span data-ccp-props=\"{&quot;134233279&quot;:true,&quot;201341983&quot;:0,&quot;335559737&quot;:567,&quot;335559739&quot;:160,&quot;335559740&quot;:259}\">\u00a0<\/span><\/li>\n<li data-leveltext=\"-\" data-font=\"Calibri\" data-listid=\"9\" aria-setsize=\"-1\" data-aria-posinset=\"3\" data-aria-level=\"1\"><span data-contrast=\"none\">Per a <strong>empresaris que vulguin reinventar-se<\/strong> i digitalitzar el seu negoci.<\/span><span data-ccp-props=\"{&quot;134233279&quot;:true,&quot;201341983&quot;:0,&quot;335559737&quot;:567,&quot;335559739&quot;:160,&quot;335559740&quot;:259}\">\u00a0<\/span><\/li>\n<li data-leveltext=\"-\" data-font=\"Calibri\" data-listid=\"9\" aria-setsize=\"-1\" data-aria-posinset=\"3\" data-aria-level=\"1\"><span data-contrast=\"none\">Per a persones que <strong>vulguin donar un canvi a les seves marques.<\/strong><\/span><strong>\u00a0<\/strong><\/li>\n<li data-leveltext=\"-\" data-font=\"Calibri\" data-listid=\"9\" aria-setsize=\"-1\" data-aria-posinset=\"3\" data-aria-level=\"1\"><span data-contrast=\"none\">Per a<strong> gerents de negocis que vulguin donar m\u00e9s visibilitat<\/strong> als seus projectes.<\/span><span data-ccp-props=\"{&quot;134233279&quot;:true,&quot;201341983&quot;:0,&quot;335559737&quot;:567,&quot;335559739&quot;:160,&quot;335559740&quot;:259}\">\u00a0<\/span><\/li>\n<li data-leveltext=\"-\" data-font=\"Calibri\" data-listid=\"9\" aria-setsize=\"-1\" data-aria-posinset=\"3\" data-aria-level=\"1\"><span data-contrast=\"none\">Per <strong>nous emprenedors<\/strong> que vulguin viure del m\u00e0rqueting.<\/span><\/li>\n<\/ul>\n<ul><\/ul>\n<ul><\/ul>\n<ul><\/ul>\n<p>[\/et_pb_text][et_pb_image src=&#8221;https:\/\/comsentido.es\/wp-content\/uploads\/2021\/05\/iconos_asesorias_marketing_comsentido-3.png&#8221; alt=&#8221;mentor\u00edas-para-emprendedoras_comsentido&#8221; title_text=&#8221;mentor\u00edas-para-emprendedoras_comsentido&#8221; align=&#8221;center&#8221; disabled_on=&#8221;on|on|off&#8221; _builder_version=&#8221;4.16&#8243; _module_preset=&#8221;default&#8221; global_colors_info=&#8221;{}&#8221;][\/et_pb_image][\/et_pb_column][et_pb_column type=&#8221;1_2&#8243; _builder_version=&#8221;4.16&#8243; _module_preset=&#8221;default&#8221; global_colors_info=&#8221;{}&#8221;][et_pb_image src=&#8221;https:\/\/comsentido.es\/wp-content\/uploads\/2021\/05\/mentoria-empre4ndedores-CoMsentido.png&#8221; alt=&#8221;mentoria-empre4ndedores-CoMsentido&#8221; title_text=&#8221;mentoria-empre4ndedores-CoMsentido&#8221; align=&#8221;center&#8221; _builder_version=&#8221;4.16&#8243; _module_preset=&#8221;default&#8221; global_colors_info=&#8221;{}&#8221;][\/et_pb_image][et_pb_text _builder_version=&#8221;4.16&#8243; _module_preset=&#8221;default&#8221; text_font=&#8221;Poppins|300|||||||&#8221; text_font_size=&#8221;15px&#8221; global_colors_info=&#8221;{}&#8221;]<\/p>\n<h3><span data-contrast=\"none\" xml:lang=\"CA-ES\" lang=\"CA-ES\" class=\"TextRun SCXW179996256 BCX0\"><span class=\"NormalTextRun SCXW179996256 BCX0\">Com funcionen les mentories?<\/span><\/span><\/h3>\n<ul><\/ul>\n<ul>\n<li data-leveltext=\"-\" data-font=\"Calibri\" data-listid=\"9\" aria-setsize=\"-1\" data-aria-posinset=\"2\" data-aria-level=\"1\"><span data-contrast=\"none\">Realitzem una<strong> primera sessi\u00f3 de 30 minuts<\/strong> en la que analitzarem en quin lloc est\u00e0 l&#8217;empresa i fins on vols arribar.<\/span><span data-ccp-props=\"{&quot;134233279&quot;:true,&quot;201341983&quot;:0,&quot;335559737&quot;:567,&quot;335559739&quot;:160,&quot;335559740&quot;:259}\">\u00a0<\/span><\/li>\n<li data-leveltext=\"-\" data-font=\"Calibri\" data-listid=\"9\" aria-setsize=\"-1\" data-aria-posinset=\"3\" data-aria-level=\"1\"><span data-contrast=\"none\">Segons els teus objectius, establirem un <strong>cronograma<\/strong> adequat al teu cas, tant en nombre com amb periodicitat de sessions, i definirem els mesos que hauria de durar el proc\u00e9s\u00a0<\/span><span data-contrast=\"none\">mentoritzaci\u00f3<\/span><span data-ccp-props=\"{&quot;134233279&quot;:true,&quot;201341983&quot;:0,&quot;335559737&quot;:567,&quot;335559739&quot;:160,&quot;335559740&quot;:259}\">\u00a0<\/span><\/li>\n<li data-leveltext=\"-\" data-font=\"Calibri\" data-listid=\"9\" aria-setsize=\"-1\" data-aria-posinset=\"4\" data-aria-level=\"1\"><strong>Ens reunirem amb la periodicitat establerta via Zoom en sessions de 60 minuts.\u00a0<\/strong><\/li>\n<li data-leveltext=\"-\" data-font=\"Calibri\" data-listid=\"9\" aria-setsize=\"-1\" data-aria-posinset=\"5\" data-aria-level=\"1\"><span data-contrast=\"none\">En finalitzar cada sessi\u00f3 rebr\u00e0s un<strong> dossier amb tot el comentat durant la sessi\u00f3<\/strong> i la gravaci\u00f3 de la mentoria.<\/span><span data-ccp-props=\"{&quot;134233279&quot;:true,&quot;201341983&quot;:0,&quot;335559737&quot;:567,&quot;335559739&quot;:160,&quot;335559740&quot;:259}\">\u00a0<\/span><\/li>\n<li data-leveltext=\"-\" data-font=\"Calibri\" data-listid=\"9\" aria-setsize=\"-1\" data-aria-posinset=\"5\" data-aria-level=\"1\"><span data-contrast=\"none\"><strong>Anirem revisant els objectius proposats<\/strong> i adaptant la periodicitat de les sessions segons cada cas.<\/span><span data-ccp-props=\"{&quot;134233279&quot;:true,&quot;201341983&quot;:0,&quot;335559737&quot;:567,&quot;335559739&quot;:160,&quot;335559740&quot;:259}\">\u00a0<\/span><\/li>\n<li data-leveltext=\"-\" data-font=\"Calibri\" data-listid=\"9\" aria-setsize=\"-1\" data-aria-posinset=\"5\" data-aria-level=\"1\"><span data-contrast=\"none\"><strong>Tindr\u00e0s consultes il\u00b7limitades via Mail<\/strong> per resoldre els teus dubtes entre sessi\u00f3 i sessi\u00f3.<\/span><span>\u00a0<br \/><\/span><\/li>\n<\/ul>\n<ul><\/ul>\n<p>[\/et_pb_text][\/et_pb_column][\/et_pb_row][\/et_pb_section][et_pb_section fb_built=&#8221;1&#8243; module_id=&#8221;formaciones&#8221; module_class=&#8221;formaciones&#8221; _builder_version=&#8221;4.16&#8243; _module_preset=&#8221;default&#8221; background_color=&#8221;#E7E0D6&#8243; background_image=&#8221;https:\/\/comsentido.es\/wp-content\/uploads\/2021\/05\/RESTILING-WEB-COMSenTIDO-60.png&#8221; custom_padding=&#8221;||26px|||&#8221; global_colors_info=&#8221;{}&#8221;][et_pb_row _builder_version=&#8221;4.16&#8243; _module_preset=&#8221;default&#8221; global_colors_info=&#8221;{}&#8221;][et_pb_column type=&#8221;4_4&#8243; _builder_version=&#8221;4.16&#8243; _module_preset=&#8221;default&#8221; global_colors_info=&#8221;{}&#8221;][et_pb_text _builder_version=&#8221;4.16&#8243; _module_preset=&#8221;default&#8221; text_font=&#8221;Poppins||||||||&#8221; text_text_color=&#8221;#07294C&#8221; text_font_size=&#8221;16px&#8221; header_2_font_size=&#8221;28px&#8221; header_2_line_height=&#8221;1.2em&#8221; global_colors_info=&#8221;{}&#8221;]<\/p>\n<h2 style=\"text-align: left;\"><span data-contrast=\"none\" xml:lang=\"CA-ES\" lang=\"CA-ES\" class=\"TextRun  BCX0 SCXW245075414\"><span class=\"NormalTextRun  BCX0 SCXW245075414\">Formacions a mida in company sobre el M\u00e0rqueting<\/span><\/span><\/h2>\n<p style=\"text-align: left;\">Desde 75\u20ac+IVA<\/p>\n<p><span data-contrast=\"none\" xml:lang=\"CA-ES\" lang=\"CA-ES\" class=\"TextRun  BCX0 SCXW191622257\"><span class=\"NormalTextRun  BCX0 SCXW191622257\">Si necessites una formaci\u00f3 a mida per tu o el teu equip, en CoMsentido comptem amb diferents formacions que podem adaptar al teu sector o el teu negoci. En elles, <strong>t&#8217;ajudem a fer que la teva empresa continu\u00ef creixent, tenint el control de tots els processos.<\/strong><\/span><\/span><span class=\"LineBreakBlob BlobObject DragDrop  BCX0 SCXW191622257\"><strong><span class=\"BCX0 SCXW191622257\">\u00a0<\/span><\/strong><br class=\"BCX0 SCXW191622257\" \/><\/span><\/p>\n<p>[\/et_pb_text][\/et_pb_column][\/et_pb_row][et_pb_row column_structure=&#8221;1_2,1_2&#8243; _builder_version=&#8221;4.16&#8243; _module_preset=&#8221;default&#8221; custom_padding=&#8221;20px|||||&#8221; global_colors_info=&#8221;{}&#8221;][et_pb_column type=&#8221;1_2&#8243; _builder_version=&#8221;4.16&#8243; _module_preset=&#8221;default&#8221; global_colors_info=&#8221;{}&#8221;][et_pb_text _builder_version=&#8221;4.16&#8243; _module_preset=&#8221;default&#8221; text_font=&#8221;Poppins|300|||||||&#8221; text_font_size=&#8221;15px&#8221; global_colors_info=&#8221;{}&#8221;]<\/p>\n<h3><\/h3>\n<p><span data-contrast=\"none\" xml:lang=\"CA-ES\" lang=\"CA-ES\" class=\"TextRun  BCX0 SCXW191622257\"><span class=\"NormalTextRun  BCX0 SCXW191622257\">Vivim en un canvi constant en mat\u00e8ria digital,<strong> en el que \u00e9s b\u00e0sic actualitzar-nos i formar-nos de manera regular,<\/strong> especialment en alguns sectors i \u00e0rees.<\/span><\/span><span class=\"LineBreakBlob BlobObject DragDrop  BCX0 SCXW191622257\"><span class=\"BCX0 SCXW191622257\">\u00a0<\/span><br class=\"BCX0 SCXW191622257\" \/><\/span><\/p>\n<p><span data-contrast=\"none\" xml:lang=\"CA-ES\" lang=\"CA-ES\" class=\"TextRun  BCX0 SCXW75932187\"><span class=\"NormalTextRun  BCX0 SCXW75932187\"><strong>Potenciar el teu talent o el del teu equip \u00e9s clau per poder diferenciar-te de la compet\u00e8ncia i ser la millor opci\u00f3 del teu sector.<\/strong> A CoMsentido t&#8217;ajudem a fer que aix\u00f2 sigui possible oferint <strong>formacions a mida,<\/strong> de manera individual o en petits grups amb horaris flexibles i de manera presencial o online. (A causa de les circumst\u00e0ncies actuals, nom\u00e9s treballem online).<\/span><\/span><span class=\"LineBreakBlob BlobObject DragDrop  BCX0 SCXW75932187\"><span class=\"BCX0 SCXW75932187\">\u00a0<\/span><br class=\"BCX0 SCXW75932187\" \/><\/span><\/p>\n<p>[\/et_pb_text][et_pb_image src=&#8221;https:\/\/comsentido.es\/wp-content\/uploads\/2021\/05\/formacion-a-medida-in-company-CoMsentido.png&#8221; alt=&#8221;formaci\u00f3n-a-medida-in-company-CoMsentido&#8221; title_text=&#8221;formaci\u00f3n-a-medida-in-company-CoMsentido&#8221; align=&#8221;center&#8221; _builder_version=&#8221;4.16&#8243; _module_preset=&#8221;default&#8221; global_colors_info=&#8221;{}&#8221;][\/et_pb_image][\/et_pb_column][et_pb_column type=&#8221;1_2&#8243; _builder_version=&#8221;4.16&#8243; _module_preset=&#8221;default&#8221; global_colors_info=&#8221;{}&#8221;][et_pb_image src=&#8221;https:\/\/comsentido.es\/wp-content\/uploads\/2021\/05\/iconos_asesorias_marketing_comsentido-2.png&#8221; alt=&#8221;formaciones-marketing-in-company_comsentido&#8221; title_text=&#8221;formaciones-marketing-in-company_comsentido&#8221; align=&#8221;center&#8221; disabled_on=&#8221;on|on|off&#8221; _builder_version=&#8221;4.16&#8243; _module_preset=&#8221;default&#8221; global_colors_info=&#8221;{}&#8221;][\/et_pb_image][et_pb_text _builder_version=&#8221;4.16&#8243; _module_preset=&#8221;default&#8221; text_font=&#8221;Poppins|300|||||||&#8221; text_font_size=&#8221;15px&#8221; global_colors_info=&#8221;{}&#8221;]<\/p>\n<h3><span data-contrast=\"none\" xml:lang=\"CA-ES\" lang=\"CA-ES\" class=\"TextRun  BCX0 SCXW75932187\"><span class=\"NormalTextRun  BCX0 SCXW75932187\">Quin tipus de formacions a mida sobre m\u00e0rqueting realitzem?<\/span><\/span><\/h3>\n<ul>\n<li data-leveltext=\"-\" data-font=\"Calibri\" data-listid=\"10\" aria-setsize=\"-1\" data-aria-posinset=\"3\" data-aria-level=\"1\"><strong>Gesti\u00f3 de Xarxes Socials\u00a0<\/strong><\/li>\n<li data-leveltext=\"-\" data-font=\"Calibri\" data-listid=\"10\" aria-setsize=\"-1\" data-aria-posinset=\"4\" data-aria-level=\"1\"><strong>Automatitzacions\u00a0email\u00a0m\u00e0rqueting\u00a0<\/strong><\/li>\n<li data-leveltext=\"-\" data-font=\"Calibri\" data-listid=\"10\" aria-setsize=\"-1\" data-aria-posinset=\"5\" data-aria-level=\"1\"><strong>Lead\u00a0Magnets i embuts de vendes\u00a0<\/strong><\/li>\n<li data-leveltext=\"-\" data-font=\"Calibri\" data-listid=\"10\" aria-setsize=\"-1\" data-aria-posinset=\"5\" data-aria-level=\"1\"><strong>M\u00e0rqueting de continguts\u00a0<\/strong><\/li>\n<li data-leveltext=\"-\" data-font=\"Calibri\" data-listid=\"10\" aria-setsize=\"-1\" data-aria-posinset=\"5\" data-aria-level=\"1\"><strong>Posicionament SEO\u00a0<\/strong><\/li>\n<li data-leveltext=\"-\" data-font=\"Calibri\" data-listid=\"10\" aria-setsize=\"-1\" data-aria-posinset=\"5\" data-aria-level=\"1\"><strong>WordPress\u00a0<\/strong><\/li>\n<li data-leveltext=\"-\" data-font=\"Calibri\" data-listid=\"10\" aria-setsize=\"-1\" data-aria-posinset=\"5\" data-aria-level=\"1\"><strong>WooCommerce\u00a0<\/strong><\/li>\n<\/ul>\n<ul><\/ul>\n<p><span data-contrast=\"none\" xml:lang=\"CA-ES\" lang=\"CA-ES\" class=\"TextRun SCXW83999904 BCX0\"><span class=\"NormalTextRun SCXW83999904 BCX0\">Si vols que realitzem formacions a mida per tu o la teva empresa, escriu-me un correu a <a href=\"mailto:marta@CoMsentido.es\">marta@CoMsentido.es<\/a>\u00a0i platejar-nos un programem acord amb les teves necessitats.<\/span><\/span><span class=\"EOP SCXW83999904 BCX0\" data-ccp-props=\"{&quot;201341983&quot;:0,&quot;335559737&quot;:567,&quot;335559739&quot;:160,&quot;335559740&quot;:259}\">\u00a0<\/span><\/p>\n<ul><\/ul>\n<p>[\/et_pb_text][\/et_pb_column][\/et_pb_row][\/et_pb_section][et_pb_section fb_built=&#8221;1&#8243; _builder_version=&#8221;4.16&#8243; _module_preset=&#8221;default&#8221; background_color=&#8221;#DEAB8C&#8221; background_image=&#8221;https:\/\/comsentido.es\/wp-content\/uploads\/2021\/05\/COMSENTIDO-WEB-09-1.png&#8221; background_size=&#8221;contain&#8221; background_position=&#8221;center_left&#8221; background_blend=&#8221;color-dodge&#8221; custom_padding=&#8221;34px||34px||true|&#8221; global_colors_info=&#8221;{}&#8221;][et_pb_row column_structure=&#8221;1_2,1_2&#8243; _builder_version=&#8221;4.16&#8243; _module_preset=&#8221;default&#8221; global_colors_info=&#8221;{}&#8221;][et_pb_column type=&#8221;1_2&#8243; _builder_version=&#8221;4.16&#8243; _module_preset=&#8221;default&#8221; global_colors_info=&#8221;{}&#8221;][et_pb_text _builder_version=&#8221;4.16&#8243; _module_preset=&#8221;default&#8221; text_font_size=&#8221;16px&#8221; header_font_size=&#8221;32px&#8221; header_2_text_color=&#8221;#FFFFFF&#8221; header_2_font_size=&#8221;30px&#8221; header_2_line_height=&#8221;1.2em&#8221; global_colors_info=&#8221;{}&#8221;]<\/p>\n<h2><span>Vols que t&#8217;ajudem a formar-te en m\u00e0rqueting i fer cr\u00e9ixer el teu negoci?<\/span><\/h2>\n<p><span>Contacta amb nosaltres!<\/span><\/p>\n<p>Escriu-nos a <a href=\"mailto:marta@comsentido.es\">marta@comsentido.es<\/a>\u00a0o reserva una primera assessoria gratu\u00efta amb nosaltres.<\/p>\n<p>[\/et_pb_text][\/et_pb_column][et_pb_column type=&#8221;1_2&#8243; _builder_version=&#8221;4.16&#8243; _module_preset=&#8221;default&#8221; global_colors_info=&#8221;{}&#8221;][et_pb_code _builder_version=&#8221;4.23.1&#8243; _module_preset=&#8221;default&#8221; background_color=&#8221;RGBA(0,0,0,0)&#8221; global_colors_info=&#8221;{}&#8221;]<\/p>\n<div class=\"tidycal-embed\" data-path=\"comsentido\/assessoria-gratuita\"><\/div>\n<p><script src=\"https:\/\/asset-tidycal.b-cdn.net\/js\/embed.js\" async><\/script>[\/et_pb_code][\/et_pb_column][\/et_pb_row][\/et_pb_section]<\/p>\n","protected":false},"excerpt":{"rendered":"<p>Assessories, mentories i formacionsT&#8217;acompanyem pas a pas per aconseguir els teus objectius Ens reunim de manera peri\u00f2dica o puntual per resoldre els teus dubtes, formar-te i donar-li al teu negoci l&#8217;impuls que necessita.\u00a0Assessories estrat\u00e8giquesConsultories de M\u00e0rquetingMentories\u00a0per a emprenedoresFormacions in companyAssessories estrat\u00e8giques de M\u00e0rqueting 145\u20ac+IVA Si necessites treballar m\u00e0 en m\u00e0 amb un professional del m\u00e0rqueting [&hellip;]<\/p>\n","protected":false},"author":1,"featured_media":0,"parent":0,"menu_order":0,"comment_status":"closed","ping_status":"closed","template":"","meta":{"_et_pb_use_builder":"on","_et_pb_old_content":"","_et_gb_content_width":"","footnotes":""},"class_list":["post-3818","page","type-page","status-publish","hentry"],"aioseo_notices":[],"_links":{"self":[{"href":"https:\/\/comsentido.es\/ca\/wp-json\/wp\/v2\/pages\/3818","targetHints":{"allow":["GET"]}}],"collection":[{"href":"https:\/\/comsentido.es\/ca\/wp-json\/wp\/v2\/pages"}],"about":[{"href":"https:\/\/comsentido.es\/ca\/wp-json\/wp\/v2\/types\/page"}],"author":[{"embeddable":true,"href":"https:\/\/comsentido.es\/ca\/wp-json\/wp\/v2\/users\/1"}],"replies":[{"embeddable":true,"href":"https:\/\/comsentido.es\/ca\/wp-json\/wp\/v2\/comments?post=3818"}],"version-history":[{"count":0,"href":"https:\/\/comsentido.es\/ca\/wp-json\/wp\/v2\/pages\/3818\/revisions"}],"wp:attachment":[{"href":"https:\/\/comsentido.es\/ca\/wp-json\/wp\/v2\/media?parent=3818"}],"curies":[{"name":"wp","href":"https:\/\/api.w.org\/{rel}","templated":true}]}}